{"version":"1.0","provider_name":"Policl\u00ednico &quot;Ciro Fr\u00edas Cabrera&quot;","provider_url":"https:\/\/instituciones.gtm.sld.cu\/dmsims","author_name":"Policl\u00ednico &quot;Ciro Fr\u00edas Cabrera&quot;","author_url":"https:\/\/instituciones.gtm.sld.cu\/dmsims","title":"Sitiales Hist\u00f3rico - Policl\u00ednico &quot;Ciro Fr\u00edas Cabrera&quot;","type":"rich","width":600,"height":338,"html":"<blockquote class=\"wp-embedded-content\" data-secret=\"Pe3c49QjBi\"><a href=\"https:\/\/instituciones.gtm.sld.cu\/dmsims\/2019\/08\/13\/sitiales-historico\/\">Sitiales Hist\u00f3rico<\/a><\/blockquote><iframe sandbox=\"allow-scripts\" security=\"restricted\" src=\"https:\/\/instituciones.gtm.sld.cu\/dmsims\/2019\/08\/13\/sitiales-historico\/embed\/#?secret=Pe3c49QjBi\" width=\"600\" height=\"338\" title=\"\u00abSitiales Hist\u00f3rico\u00bb \u2014 Policl\u00ednico &quot;Ciro Fr\u00edas Cabrera&quot;\" data-secret=\"Pe3c49QjBi\" frameborder=\"0\" marginwidth=\"0\" marginheight=\"0\" scrolling=\"no\" class=\"wp-embedded-content\"><\/iframe><script type=\"text\/javascript\">\n\/*! This file is auto-generated *\/\n!function(c,d){\"use strict\";var e=!1,o=!1;if(d.querySelector)if(c.addEventListener)e=!0;if(c.wp=c.wp||{},c.wp.receiveEmbedMessage);else if(c.wp.receiveEmbedMessage=function(e){var t=e.data;if(!t);else if(!(t.secret||t.message||t.value));else if(\/[^a-zA-Z0-9]\/.test(t.secret));else{for(var r,s,a,i=d.querySelectorAll('iframe[data-secret=\"'+t.secret+'\"]'),n=d.querySelectorAll('blockquote[data-secret=\"'+t.secret+'\"]'),o=new RegExp(\"^https?:$\",\"i\"),l=0;l<n.length;l++)n[l].style.display=\"none\";for(l=0;l<i.length;l++)if(r=i[l],e.source!==r.contentWindow);else{if(r.removeAttribute(\"style\"),\"height\"===t.message){if(1e3<(s=parseInt(t.value,10)))s=1e3;else if(~~s<200)s=200;r.height=s}if(\"link\"===t.message)if(s=d.createElement(\"a\"),a=d.createElement(\"a\"),s.href=r.getAttribute(\"src\"),a.href=t.value,!o.test(a.protocol));else if(a.host===s.host)if(d.activeElement===r)c.top.location.href=t.value}}},e)c.addEventListener(\"message\",c.wp.receiveEmbedMessage,!1),d.addEventListener(\"DOMContentLoaded\",t,!1),c.addEventListener(\"load\",t,!1);function t(){if(o);else{o=!0;for(var e,t,r,s=-1!==navigator.appVersion.indexOf(\"MSIE 10\"),a=!!navigator.userAgent.match(\/Trident.*rv:11\\.\/),i=d.querySelectorAll(\"iframe.wp-embedded-content\"),n=0;n<i.length;n++){if(!(r=(t=i[n]).getAttribute(\"data-secret\")))r=Math.random().toString(36).substr(2,10),t.src+=\"#?secret=\"+r,t.setAttribute(\"data-secret\",r);if(s||a)(e=t.cloneNode(!0)).removeAttribute(\"security\"),t.parentNode.replaceChild(e,t);t.contentWindow.postMessage({message:\"ready\",secret:r},\"*\")}}}}(window,document);\n<\/script>\n","description":"Sitiales Hist\u00f3ricos que reflejan la vida y obra de nuestro L\u00edder Fidel Castro Ruz, fueron confeccionados en las diferentes unidades del sector de Salud P\u00fablica, municipio Im\u00edas, provincia Guant\u00e1namo en saludo al 93 aniversario de su natalicio este 13 de agosto.","thumbnail_url":"http:\/\/instituciones.gtm.sld.cu\/dmsims\/wp-content\/uploads\/sites\/16\/2019\/08\/67791150_602883553569214_8502967169317863424_n.jpg"}