{"id":280,"date":"2019-04-08T17:02:49","date_gmt":"2019-04-08T21:02:49","guid":{"rendered":"http:\/\/instituciones.gtm.sld.cu\/dmsims\/?page_id=280"},"modified":"2019-04-25T14:44:52","modified_gmt":"2019-04-25T18:44:52","slug":"gbt-2","status":"publish","type":"page","link":"https:\/\/instituciones.gtm.sld.cu\/dmsims\/gbt-2\/","title":{"rendered":"Casa de Abuelo"},"content":{"rendered":"\n<figure class=\"wp-block-image is-resized\"><img decoding=\"async\" loading=\"lazy\" src=\"http:\/\/instituciones.gtm.sld.cu\/dmsims\/wp-content\/uploads\/sites\/16\/2019\/04\/abuelos-1024x768.jpg\" alt=\"\" class=\"wp-image-429\" width=\"664\" height=\"498\" srcset=\"https:\/\/instituciones.gtm.sld.cu\/dmsims\/wp-content\/uploads\/sites\/34\/2019\/04\/abuelos-1024x768.jpg 1024w, https:\/\/instituciones.gtm.sld.cu\/dmsims\/wp-content\/uploads\/sites\/34\/2019\/04\/abuelos-300x225.jpg 300w, https:\/\/instituciones.gtm.sld.cu\/dmsims\/wp-content\/uploads\/sites\/34\/2019\/04\/abuelos-768x576.jpg 768w, https:\/\/instituciones.gtm.sld.cu\/dmsims\/wp-content\/uploads\/sites\/34\/2019\/04\/abuelos.jpg 1095w\" sizes=\"(max-width: 664px) 100vw, 664px\" \/><\/figure>\n\n\n\n<p>Misi\u00f3n<\/p>\n\n\n\n<p>Es de\neducar,rehabilitar,promover y controlar las actividades integrales e integrados\nen funci\u00f3n de la satifacci\u00f3n plena de pacientes y familiares.<\/p>\n\n\n\n<p>Visi\u00f3n<\/p>\n\n\n\n<p>Garantizar la atenci\u00f3n de\nlos pacientes de este grupo hetario mediante un porceso correcto de direcci\u00f3n\nde la asistencia m\u00e9dica integral,comprometido con la salud de la\npoblaci\u00f3n,apoyandose en la\nidentidad,incondicionalidad,tenacidad,convicci\u00f3n,confiabilidad,entrgas,exigencia\ny profesionalidad.<\/p>\n\n\n\n<p>Objetivo <\/p>\n\n\n\n<p>Ejercer el control de las\nacciones que se realizan para garantizar la calidad de vida de la poblaci\u00f3n\nadulta mayor y persona con discapacidad a traer de la atenci\u00f3n m\u00e9dica integral\npara incrementar el estado de salud de la poblaci\u00f3n.<\/p>\n\n\n\n<p>Funciones de las Casa de\nAbuelos ser\u00e1n las sigueintes:<\/p>\n\n\n\n<ul><li>Desarrollar actividades encaminadas a la\npromoci\u00f3n de salud.<\/li><li>Realizar actividades encaminadas a la\nprevenci\u00f3n de la discapacidad y mantenimiento de la funcionabilidad.<\/li><li>Desarrollar la rehabilitaci\u00f3n bio-social para\nreactivar,resocializar y reintegar socialmente al anciano.<\/li><li>Promover actividades de educaci\u00f3n para la\nsalud con los abuelos,familiares y trabajadores.<\/li><li>Estechar la vinculaci\u00f3n con familiares para\nmantener la integraci\u00f3n familiar y social del anciano.<\/li><li>Garantizar una alimentaci\u00f3n acorde al estado\nnutricional y enfermedades concomitantes.<\/li><li>Establecer condiciones con organizaciones\npoliticas y de masas,estales,socialesy otros para hacer m\u00e1s efectica su\ngesti\u00f3n.<\/li><\/ul>\n","protected":false},"excerpt":{"rendered":"<p>Misi\u00f3n Es de educar,rehabilitar,promover y controlar las actividades integrales e integrados en funci\u00f3n de la satifacci\u00f3n plena de pacientes y familiares. Visi\u00f3n Garantizar la atenci\u00f3n de los pacientes de este grupo hetario mediante un porceso correcto de direcci\u00f3n de la asistencia m\u00e9dica integral,comprometido con la salud de la poblaci\u00f3n,apoyandose en la identidad,incondicionalidad,tenacidad,convicci\u00f3n,confiabilidad,entrgas,exigencia y profesionalidad. Objetivo &hellip; <\/p>\n<p><a class=\"more-link btn\" href=\"https:\/\/instituciones.gtm.sld.cu\/dmsims\/gbt-2\/\">Seguir leyendo<\/a><\/p>\n","protected":false},"author":17,"featured_media":0,"parent":0,"menu_order":0,"comment_status":"closed","ping_status":"closed","template":"","meta":{"ngg_post_thumbnail":0,"_mc_calendar":[]},"yoast_head":"<!-- This site is optimized with the Yoast SEO plugin v21.8 - https:\/\/yoast.com\/wordpress\/plugins\/seo\/ -->\n<title>Casa de Abuelo - Policl\u00ednico &quot;Ciro Fr\u00edas Cabrera&quot;<\/title>\n<meta name=\"robots\" content=\"index, follow, max-snippet:-1, max-image-preview:large, max-video-preview:-1\" \/>\n<link rel=\"canonical\" href=\"https:\/\/instituciones.gtm.sld.cu\/dmsims\/gbt-2\/\" \/>\n<meta property=\"og:locale\" content=\"es_ES\" \/>\n<meta property=\"og:type\" content=\"article\" \/>\n<meta property=\"og:title\" content=\"Casa de Abuelo - Policl\u00ednico &quot;Ciro Fr\u00edas Cabrera&quot;\" \/>\n<meta property=\"og:description\" content=\"Misi\u00f3n Es de educar,rehabilitar,promover y controlar las actividades integrales e integrados en funci\u00f3n de la satifacci\u00f3n plena de pacientes y familiares. Visi\u00f3n Garantizar la atenci\u00f3n de los pacientes de este grupo hetario mediante un porceso correcto de direcci\u00f3n de la asistencia m\u00e9dica integral,comprometido con la salud de la poblaci\u00f3n,apoyandose en la identidad,incondicionalidad,tenacidad,convicci\u00f3n,confiabilidad,entrgas,exigencia y profesionalidad. Objetivo &hellip; Seguir leyendo\" \/>\n<meta property=\"og:url\" content=\"https:\/\/instituciones.gtm.sld.cu\/dmsims\/gbt-2\/\" \/>\n<meta property=\"og:site_name\" content=\"Policl\u00ednico &quot;Ciro Fr\u00edas Cabrera&quot;\" \/>\n<meta property=\"article:modified_time\" content=\"2019-04-25T18:44:52+00:00\" \/>\n<meta property=\"og:image\" content=\"http:\/\/instituciones.gtm.sld.cu\/dmsims\/wp-content\/uploads\/sites\/16\/2019\/04\/abuelos-1024x768.jpg\" \/>\n<meta name=\"twitter:card\" content=\"summary_large_image\" \/>\n<meta name=\"twitter:label1\" content=\"Tiempo de lectura\" \/>\n\t<meta name=\"twitter:data1\" content=\"1 minuto\" \/>\n<script type=\"application\/ld+json\" class=\"yoast-schema-graph\">{\"@context\":\"https:\/\/schema.org\",\"@graph\":[{\"@type\":\"WebPage\",\"@id\":\"https:\/\/instituciones.gtm.sld.cu\/dmsims\/gbt-2\/\",\"url\":\"https:\/\/instituciones.gtm.sld.cu\/dmsims\/gbt-2\/\",\"name\":\"Casa de Abuelo - Policl\u00ednico &quot;Ciro Fr\u00edas Cabrera&quot;\",\"isPartOf\":{\"@id\":\"https:\/\/instituciones.gtm.sld.cu\/dmsims\/#website\"},\"datePublished\":\"2019-04-08T21:02:49+00:00\",\"dateModified\":\"2019-04-25T18:44:52+00:00\",\"breadcrumb\":{\"@id\":\"https:\/\/instituciones.gtm.sld.cu\/dmsims\/gbt-2\/#breadcrumb\"},\"inLanguage\":\"es\",\"potentialAction\":[{\"@type\":\"ReadAction\",\"target\":[\"https:\/\/instituciones.gtm.sld.cu\/dmsims\/gbt-2\/\"]}]},{\"@type\":\"BreadcrumbList\",\"@id\":\"https:\/\/instituciones.gtm.sld.cu\/dmsims\/gbt-2\/#breadcrumb\",\"itemListElement\":[{\"@type\":\"ListItem\",\"position\":1,\"name\":\"Portada\",\"item\":\"https:\/\/instituciones.gtm.sld.cu\/dmsims\/\"},{\"@type\":\"ListItem\",\"position\":2,\"name\":\"Casa de Abuelo\"}]},{\"@type\":\"WebSite\",\"@id\":\"https:\/\/instituciones.gtm.sld.cu\/dmsims\/#website\",\"url\":\"https:\/\/instituciones.gtm.sld.cu\/dmsims\/\",\"name\":\"Policl\u00ednico &quot;Ciro Fr\u00edas Cabrera&quot;\",\"description\":\"Policl\u00ednico &quot;Ciro Fr\u00edas Cabrera&quot;\",\"potentialAction\":[{\"@type\":\"SearchAction\",\"target\":{\"@type\":\"EntryPoint\",\"urlTemplate\":\"https:\/\/instituciones.gtm.sld.cu\/dmsims\/?s={search_term_string}\"},\"query-input\":\"required name=search_term_string\"}],\"inLanguage\":\"es\"}]}<\/script>\n<!-- \/ Yoast SEO plugin. -->","yoast_head_json":{"title":"Casa de Abuelo - Policl\u00ednico &quot;Ciro Fr\u00edas Cabrera&quot;","robots":{"index":"index","follow":"follow","max-snippet":"max-snippet:-1","max-image-preview":"max-image-preview:large","max-video-preview":"max-video-preview:-1"},"canonical":"https:\/\/instituciones.gtm.sld.cu\/dmsims\/gbt-2\/","og_locale":"es_ES","og_type":"article","og_title":"Casa de Abuelo - Policl\u00ednico &quot;Ciro Fr\u00edas Cabrera&quot;","og_description":"Misi\u00f3n Es de educar,rehabilitar,promover y controlar las actividades integrales e integrados en funci\u00f3n de la satifacci\u00f3n plena de pacientes y familiares. Visi\u00f3n Garantizar la atenci\u00f3n de los pacientes de este grupo hetario mediante un porceso correcto de direcci\u00f3n de la asistencia m\u00e9dica integral,comprometido con la salud de la poblaci\u00f3n,apoyandose en la identidad,incondicionalidad,tenacidad,convicci\u00f3n,confiabilidad,entrgas,exigencia y profesionalidad. Objetivo &hellip; Seguir leyendo","og_url":"https:\/\/instituciones.gtm.sld.cu\/dmsims\/gbt-2\/","og_site_name":"Policl\u00ednico &quot;Ciro Fr\u00edas Cabrera&quot;","article_modified_time":"2019-04-25T18:44:52+00:00","og_image":[{"url":"http:\/\/instituciones.gtm.sld.cu\/dmsims\/wp-content\/uploads\/sites\/16\/2019\/04\/abuelos-1024x768.jpg"}],"twitter_card":"summary_large_image","twitter_misc":{"Tiempo de lectura":"1 minuto"},"schema":{"@context":"https:\/\/schema.org","@graph":[{"@type":"WebPage","@id":"https:\/\/instituciones.gtm.sld.cu\/dmsims\/gbt-2\/","url":"https:\/\/instituciones.gtm.sld.cu\/dmsims\/gbt-2\/","name":"Casa de Abuelo - Policl\u00ednico &quot;Ciro Fr\u00edas Cabrera&quot;","isPartOf":{"@id":"https:\/\/instituciones.gtm.sld.cu\/dmsims\/#website"},"datePublished":"2019-04-08T21:02:49+00:00","dateModified":"2019-04-25T18:44:52+00:00","breadcrumb":{"@id":"https:\/\/instituciones.gtm.sld.cu\/dmsims\/gbt-2\/#breadcrumb"},"inLanguage":"es","potentialAction":[{"@type":"ReadAction","target":["https:\/\/instituciones.gtm.sld.cu\/dmsims\/gbt-2\/"]}]},{"@type":"BreadcrumbList","@id":"https:\/\/instituciones.gtm.sld.cu\/dmsims\/gbt-2\/#breadcrumb","itemListElement":[{"@type":"ListItem","position":1,"name":"Portada","item":"https:\/\/instituciones.gtm.sld.cu\/dmsims\/"},{"@type":"ListItem","position":2,"name":"Casa de Abuelo"}]},{"@type":"WebSite","@id":"https:\/\/instituciones.gtm.sld.cu\/dmsims\/#website","url":"https:\/\/instituciones.gtm.sld.cu\/dmsims\/","name":"Policl\u00ednico &quot;Ciro Fr\u00edas Cabrera&quot;","description":"Policl\u00ednico &quot;Ciro Fr\u00edas Cabrera&quot;","potentialAction":[{"@type":"SearchAction","target":{"@type":"EntryPoint","urlTemplate":"https:\/\/instituciones.gtm.sld.cu\/dmsims\/?s={search_term_string}"},"query-input":"required name=search_term_string"}],"inLanguage":"es"}]}},"_links":{"self":[{"href":"https:\/\/instituciones.gtm.sld.cu\/dmsims\/wp-json\/wp\/v2\/pages\/280"}],"collection":[{"href":"https:\/\/instituciones.gtm.sld.cu\/dmsims\/wp-json\/wp\/v2\/pages"}],"about":[{"href":"https:\/\/instituciones.gtm.sld.cu\/dmsims\/wp-json\/wp\/v2\/types\/page"}],"author":[{"embeddable":true,"href":"https:\/\/instituciones.gtm.sld.cu\/dmsims\/wp-json\/wp\/v2\/users\/17"}],"replies":[{"embeddable":true,"href":"https:\/\/instituciones.gtm.sld.cu\/dmsims\/wp-json\/wp\/v2\/comments?post=280"}],"version-history":[{"count":0,"href":"https:\/\/instituciones.gtm.sld.cu\/dmsims\/wp-json\/wp\/v2\/pages\/280\/revisions"}],"wp:attachment":[{"href":"https:\/\/instituciones.gtm.sld.cu\/dmsims\/wp-json\/wp\/v2\/media?parent=280"}],"curies":[{"name":"wp","href":"https:\/\/api.w.org\/{rel}","templated":true}]}}