{"version":"1.0","provider_name":"Direcci\u00f3n General de Salud","provider_url":"https:\/\/instituciones.gtm.sld.cu\/dmsmta","author_name":"dmsmta","author_url":"https:\/\/instituciones.gtm.sld.cu\/dmsmta\/author\/dmsmta\/","title":"Llaman a participar en coloquio sobre comunicaci\u00f3n interna - Direcci\u00f3n General de Salud","type":"rich","width":600,"height":338,"html":"<blockquote class=\"wp-embedded-content\" data-secret=\"aqEsTy8Bn7\"><a href=\"https:\/\/instituciones.gtm.sld.cu\/dmsmta\/llaman-a-participar-en-coloquio-sobre-comunicacion-interna\/\">Llaman a participar en coloquio sobre comunicaci\u00f3n interna<\/a><\/blockquote><iframe sandbox=\"allow-scripts\" security=\"restricted\" src=\"https:\/\/instituciones.gtm.sld.cu\/dmsmta\/llaman-a-participar-en-coloquio-sobre-comunicacion-interna\/embed\/#?secret=aqEsTy8Bn7\" width=\"600\" height=\"338\" title=\"\u00abLlaman a participar en coloquio sobre comunicaci\u00f3n interna\u00bb \u2014 Direcci\u00f3n General de Salud\" data-secret=\"aqEsTy8Bn7\" frameborder=\"0\" marginwidth=\"0\" marginheight=\"0\" scrolling=\"no\" class=\"wp-embedded-content\"><\/iframe><script type=\"text\/javascript\">\n\/*! This file is auto-generated *\/\n!function(c,d){\"use strict\";var e=!1,o=!1;if(d.querySelector)if(c.addEventListener)e=!0;if(c.wp=c.wp||{},c.wp.receiveEmbedMessage);else if(c.wp.receiveEmbedMessage=function(e){var t=e.data;if(!t);else if(!(t.secret||t.message||t.value));else if(\/[^a-zA-Z0-9]\/.test(t.secret));else{for(var r,s,a,i=d.querySelectorAll('iframe[data-secret=\"'+t.secret+'\"]'),n=d.querySelectorAll('blockquote[data-secret=\"'+t.secret+'\"]'),o=new RegExp(\"^https?:$\",\"i\"),l=0;l<n.length;l++)n[l].style.display=\"none\";for(l=0;l<i.length;l++)if(r=i[l],e.source!==r.contentWindow);else{if(r.removeAttribute(\"style\"),\"height\"===t.message){if(1e3<(s=parseInt(t.value,10)))s=1e3;else if(~~s<200)s=200;r.height=s}if(\"link\"===t.message)if(s=d.createElement(\"a\"),a=d.createElement(\"a\"),s.href=r.getAttribute(\"src\"),a.href=t.value,!o.test(a.protocol));else if(a.host===s.host)if(d.activeElement===r)c.top.location.href=t.value}}},e)c.addEventListener(\"message\",c.wp.receiveEmbedMessage,!1),d.addEventListener(\"DOMContentLoaded\",t,!1),c.addEventListener(\"load\",t,!1);function t(){if(o);else{o=!0;for(var e,t,r,s=-1!==navigator.appVersion.indexOf(\"MSIE 10\"),a=!!navigator.userAgent.match(\/Trident.*rv:11\\.\/),i=d.querySelectorAll(\"iframe.wp-embedded-content\"),n=0;n<i.length;n++){if(!(r=(t=i[n]).getAttribute(\"data-secret\")))r=Math.random().toString(36).substr(2,10),t.src+=\"#?secret=\"+r,t.setAttribute(\"data-secret\",r);if(s||a)(e=t.cloneNode(!0)).removeAttribute(\"security\"),t.parentNode.replaceChild(e,t);t.contentWindow.postMessage({message:\"ready\",secret:r},\"*\")}}}}(window,document);\n<\/script>\n","description":"Un Coloquio sobre comunicaci\u00f3n interna se impartir\u00e1 el pr\u00f3ximo 25 de abril en Guant\u00e1namo, auspiciado por la Asociaci\u00f3n Cubana de Comunicadores Sociales, con el objetivo de contribuir al desarrollo de habilidades generales para la actuaci\u00f3n en los problemas relacionados con esa tem\u00e1tica en las entidades de la provincia. Pueden inscribirse profesionales en el ejercicio de &hellip; Seguir leyendo"}