{"id":485,"date":"2019-02-28T17:47:55","date_gmt":"2019-02-28T17:47:55","guid":{"rendered":"http:\/\/instituciones2.gtm.sld.cu\/dmsmta\/?page_id=485"},"modified":"2019-02-28T17:47:55","modified_gmt":"2019-02-28T17:47:55","slug":"mapa-del-sitio","status":"publish","type":"page","link":"https:\/\/instituciones.gtm.sld.cu\/dmsmta\/mapa-del-sitio\/","title":{"rendered":"Mapa del Sitio"},"content":{"rendered":"<p><strong><span style=\"color: #0000ff\"><a href=\"http:\/\/instituciones2.gtm.sld.cu\/dmsmta\/acerca-de\/\">Acerca De<\/a><\/span><\/strong><\/p>\n<ul>\n<li><a href=\"http:\/\/instituciones2.gtm.sld.cu\/dmsmta\/acerca-de\/\">\u00bfQui\u00e9nes Somos?<\/a><\/li>\n<li><a href=\"http:\/\/instituciones2.gtm.sld.cu\/dmsmta\/acerca-de\/\"><span style=\"color: #000000\">Mis<\/span><span style=\"color: #000000\">i\u00f3n<\/span><\/a><\/li>\n<li><a href=\"http:\/\/instituciones2.gtm.sld.cu\/dmsmta\/acerca-de\/\"><span style=\"color: #000000\">Visi\u00f3n<\/span><\/a><\/li>\n<li><a href=\"http:\/\/instituciones2.gtm.sld.cu\/dmsmta\/acerca-de\/\"><span style=\"color: #000000\">Objetivo de Sitio<\/span><\/a><\/li>\n<\/ul>\n<p><a href=\"http:\/\/instituciones2.gtm.sld.cu\/dmsmta\/policlinico-manuel-tames\/\"><strong><span style=\"color: #0000ff\">Unidades<\/span><\/strong><\/a><\/p>\n<ul>\n<li><a href=\"http:\/\/instituciones2.gtm.sld.cu\/dmsmta\/policlinico-manuel-tames\/\"><span style=\"color: #000000\">Policl\u00ednico M\u00e1rtires de Jamaica<\/span><\/a><\/li>\n<\/ul>\n<p><a href=\"http:\/\/instituciones2.gtm.sld.cu\/dmsmta\/policlinico-manuel-tames\/policlinico-martires-de-jamaica\/servicios\/\" rel=\"noopener\"><strong>*<\/strong>Servicios<\/a><\/p>\n<p><a href=\"http:\/\/instituciones2.gtm.sld.cu\/dmsmta\/policlinico-manuel-tames\/policlinico-manuel-tames\/consultas\/\">*Consultas<\/a><\/p>\n<ul>\n<li><span style=\"color: #000000\"><a style=\"color: #000000\" href=\"http:\/\/instituciones2.gtm.sld.cu\/dmsmta\/policlinico-manuel-tames\/policlinico-manuel-tames\/\">Policl\u00ednico Manuel Tames<\/a><\/span><\/li>\n<\/ul>\n<p><a href=\"http:\/\/instituciones2.gtm.sld.cu\/dmsmta\/policlinico-manuel-tames\/policlinico-manuel-tames\/servicios\/\" rel=\"noopener\">*Servicios<\/a><\/p>\n<p><a href=\"http:\/\/instituciones2.gtm.sld.cu\/dmsmta\/policlinico-manuel-tames\/policlinico-manuel-tames\/consultas\/\">*Consultas<\/a><\/p>\n<ul>\n<li><strong>\u00a0<\/strong><span style=\"color: #000000\"><a style=\"color: #000000\" href=\"http:\/\/instituciones2.gtm.sld.cu\/dmsmta\/policlinico-manuel-tames\/unidad-municipal-de-higiene-y-epidemiologia\/\">Unidad Municipal de Higiene y Epidemiolog\u00eda<\/a><\/span><\/li>\n<\/ul>\n<p><span style=\"color: #0000ff\"><a style=\"color: #0000ff\" href=\"http:\/\/instituciones2.gtm.sld.cu\/dmsmta\/departamentos\/\"><strong>Departamentos<\/strong><\/a><\/span><\/p>\n<ul>\n<li><a href=\"http:\/\/instituciones2.gtm.sld.cu\/dmsmta\/departamentos\/direccion\/\"><span style=\"color: #000000\">Direcci\u00f3n<\/span><\/a><\/li>\n<li><span style=\"color: #000000\"><a style=\"color: #000000\" href=\"http:\/\/instituciones2.gtm.sld.cu\/dmsmta\/departamentos\/contabilidad\/\">Contabilidad<\/a><\/span><\/li>\n<li><a href=\"http:\/\/instituciones2.gtm.sld.cu\/dmsmta\/departamentos\/estadisticas\/\"><span style=\"color: #000000\">Estad\u00edsticas<\/span><\/a><\/li>\n<li><a href=\"http:\/\/instituciones2.gtm.sld.cu\/dmsmta\/departamentos\/asistencia-medica\/\"><span style=\"color: #000000\">Asistencia M\u00e9dica<\/span><\/a><\/li>\n<li><span style=\"color: #000000\"><a style=\"color: #000000\" href=\"http:\/\/instituciones2.gtm.sld.cu\/dmsmta\/departamentos\/administrativo\">Adiministrativo<\/a><\/span><\/li>\n<li><span style=\"color: #000000\"><a style=\"color: #000000\" href=\"http:\/\/instituciones2.gtm.sld.cu\/dmsmta\/departamentos\/recursos humanos\/\">Recursos Humanos<\/a><\/span><\/li>\n<li><a href=\"http:\/\/instituciones2.gtm.sld.cu\/dmsmta\/departamentos\/direccion\/colaboracion\/\"><span style=\"color: #000000\">Colaboraci\u00f3n<\/span><\/a><\/li>\n<li><span style=\"color: #000000\"><a style=\"color: #000000\" href=\"http:\/\/instituciones2.gtm.sld.cu\/dmsmta\/departamentos\/informatica\/\">Inform\u00e1tica<\/a><\/span><\/li>\n<li><a href=\"http:\/\/instituciones2.gtm.sld.cu\/dmsmta\/departamentos\/direccion\/puesto-de-mando\/\"><span style=\"color: #000000\">Puesto de Mando<\/span><\/a><\/li>\n<li><span style=\"color: #000000\"><a style=\"color: #000000\" href=\"http:\/\/instituciones2.gtm.sld.cu\/dmsmta\/departamentos\/direccion\/proteccion-fisica\/\">Protecci\u00f3n F\u00edsica<\/a><\/span><\/li>\n<\/ul>\n<p><span style=\"color: #0000ff\"><strong>P\u00e1ginas<\/strong><\/span><\/p>\n<ul>\n<li><a href=\"http:\/\/instituciones2.gtm.sld.cu\/dmsmta\/departamentos\/asistencia-medica\/sium\/\">SIUM<\/a><\/li>\n<li><a href=\"http:\/\/instituciones2.gtm.sld.cu\/dmsmta\/departamentos\/direccion\/cuadros\/\">Cuadros<\/a><\/li>\n<li><a href=\"http:\/\/instituciones2.gtm.sld.cu\/dmsmta\/departamentos\/direccion\/auditoria\/\">Audiror\u00eda<\/a><\/li>\n<li><a href=\"http:\/\/instituciones2.gtm.sld.cu\/dmsmta\/departamentos\/direccion\/atencion-a-la-poblacion\/\">Atenci\u00f3n a la Poblaci\u00f3n<\/a><\/li>\n<li><a href=\"http:\/\/instituciones2.gtm.sld.cu\/dmsmta\/departamentos\/direccion\/metrologia\/\">Metrolog\u00eda<\/a><\/li>\n<li><a href=\"http:\/\/instituciones2.gtm.sld.cu\/dmsmta\/departamentos\/asistencia-medica\/pami\/\">PAMI<\/a><\/li>\n<li><a href=\"http:\/\/instituciones2.gtm.sld.cu\/dmsmta\/departamentos\/asistencia-medica\/enfermeria\/\">Enfermer\u00eda<\/a><\/li>\n<li><a href=\"http:\/\/instituciones2.gtm.sld.cu\/dmsmta\/departamentos\/asistencia-medica\/trabajo-social\/\">Trabajo Social<\/a><\/li>\n<li><a href=\"http:\/\/instituciones2.gtm.sld.cu\/dmsmta\/departamentos\/asistencia-medica\/dietetica\/\">Diet\u00e9tica<\/a><\/li>\n<li><a href=\"http:\/\/instituciones2.gtm.sld.cu\/dmsmta\/departamentos\/asistencia-medica\/farmacia\/\">Farmacia<\/a><\/li>\n<li><a href=\"http:\/\/instituciones2.gtm.sld.cu\/dmsmta\/departamentos\/administrativo\/servicios-basicos\/\">Servicios B\u00e1sicos<\/a><\/li>\n<li><a href=\"http:\/\/instituciones2.gtm.sld.cu\/dmsmta\/departamentos\/administrativo\/inversiones\/\">Inversiones<\/a><\/li>\n<li><a href=\"http:\/\/instituciones2.gtm.sld.cu\/dmsmta\/departamentos\/administrativo\/transporte\/\">Transporte<\/a><\/li>\n<\/ul>\n","protected":false},"excerpt":{"rendered":"<p>Acerca De \u00bfQui\u00e9nes Somos? Misi\u00f3n Visi\u00f3n Objetivo de Sitio Unidades Policl\u00ednico M\u00e1rtires de Jamaica *Servicios *Consultas Policl\u00ednico Manuel Tames *Servicios *Consultas \u00a0Unidad Municipal de Higiene y Epidemiolog\u00eda Departamentos Direcci\u00f3n Contabilidad Estad\u00edsticas Asistencia M\u00e9dica Adiministrativo Recursos Humanos Colaboraci\u00f3n Inform\u00e1tica Puesto de Mando Protecci\u00f3n F\u00edsica P\u00e1ginas SIUM Cuadros Audiror\u00eda Atenci\u00f3n a la Poblaci\u00f3n Metrolog\u00eda PAMI Enfermer\u00eda Trabajo &hellip; <\/p>\n<p><a class=\"more-link btn\" href=\"https:\/\/instituciones.gtm.sld.cu\/dmsmta\/mapa-del-sitio\/\">Seguir leyendo<\/a><\/p>\n","protected":false},"author":79,"featured_media":0,"parent":0,"menu_order":6,"comment_status":"closed","ping_status":"closed","template":"","meta":{"ngg_post_thumbnail":0,"_mc_calendar":[]},"yoast_head":"<!-- This site is optimized with the Yoast SEO plugin v21.8 - https:\/\/yoast.com\/wordpress\/plugins\/seo\/ -->\n<title>Mapa del Sitio - Direcci\u00f3n General de Salud<\/title>\n<meta name=\"robots\" content=\"index, follow, max-snippet:-1, max-image-preview:large, max-video-preview:-1\" \/>\n<link rel=\"canonical\" href=\"https:\/\/instituciones.gtm.sld.cu\/dmsmta\/mapa-del-sitio\/\" \/>\n<meta property=\"og:locale\" content=\"es_ES\" \/>\n<meta property=\"og:type\" content=\"article\" \/>\n<meta property=\"og:title\" content=\"Mapa del Sitio - Direcci\u00f3n General de Salud\" \/>\n<meta property=\"og:description\" content=\"Acerca De \u00bfQui\u00e9nes Somos? Misi\u00f3n Visi\u00f3n Objetivo de Sitio Unidades Policl\u00ednico M\u00e1rtires de Jamaica *Servicios *Consultas Policl\u00ednico Manuel Tames *Servicios *Consultas \u00a0Unidad Municipal de Higiene y Epidemiolog\u00eda Departamentos Direcci\u00f3n Contabilidad Estad\u00edsticas Asistencia M\u00e9dica Adiministrativo Recursos Humanos Colaboraci\u00f3n Inform\u00e1tica Puesto de Mando Protecci\u00f3n F\u00edsica P\u00e1ginas SIUM Cuadros Audiror\u00eda Atenci\u00f3n a la Poblaci\u00f3n Metrolog\u00eda PAMI Enfermer\u00eda Trabajo &hellip; Seguir leyendo\" \/>\n<meta property=\"og:url\" content=\"https:\/\/instituciones.gtm.sld.cu\/dmsmta\/mapa-del-sitio\/\" \/>\n<meta property=\"og:site_name\" content=\"Direcci\u00f3n General de Salud\" \/>\n<meta name=\"twitter:card\" content=\"summary_large_image\" \/>\n<script type=\"application\/ld+json\" class=\"yoast-schema-graph\">{\"@context\":\"https:\/\/schema.org\",\"@graph\":[{\"@type\":\"WebPage\",\"@id\":\"https:\/\/instituciones.gtm.sld.cu\/dmsmta\/mapa-del-sitio\/\",\"url\":\"https:\/\/instituciones.gtm.sld.cu\/dmsmta\/mapa-del-sitio\/\",\"name\":\"Mapa del Sitio - Direcci\u00f3n General de Salud\",\"isPartOf\":{\"@id\":\"https:\/\/instituciones.gtm.sld.cu\/dmsmta\/#website\"},\"datePublished\":\"2019-02-28T17:47:55+00:00\",\"dateModified\":\"2019-02-28T17:47:55+00:00\",\"breadcrumb\":{\"@id\":\"https:\/\/instituciones.gtm.sld.cu\/dmsmta\/mapa-del-sitio\/#breadcrumb\"},\"inLanguage\":\"es\",\"potentialAction\":[{\"@type\":\"ReadAction\",\"target\":[\"https:\/\/instituciones.gtm.sld.cu\/dmsmta\/mapa-del-sitio\/\"]}]},{\"@type\":\"BreadcrumbList\",\"@id\":\"https:\/\/instituciones.gtm.sld.cu\/dmsmta\/mapa-del-sitio\/#breadcrumb\",\"itemListElement\":[{\"@type\":\"ListItem\",\"position\":1,\"name\":\"Portada\",\"item\":\"https:\/\/instituciones.gtm.sld.cu\/dmsmta\/\"},{\"@type\":\"ListItem\",\"position\":2,\"name\":\"Mapa del Sitio\"}]},{\"@type\":\"WebSite\",\"@id\":\"https:\/\/instituciones.gtm.sld.cu\/dmsmta\/#website\",\"url\":\"https:\/\/instituciones.gtm.sld.cu\/dmsmta\/\",\"name\":\"Direcci\u00f3n General de Salud\",\"description\":\"Manuel Tames\",\"potentialAction\":[{\"@type\":\"SearchAction\",\"target\":{\"@type\":\"EntryPoint\",\"urlTemplate\":\"https:\/\/instituciones.gtm.sld.cu\/dmsmta\/?s={search_term_string}\"},\"query-input\":\"required name=search_term_string\"}],\"inLanguage\":\"es\"}]}<\/script>\n<!-- \/ Yoast SEO plugin. -->","yoast_head_json":{"title":"Mapa del Sitio - Direcci\u00f3n General de Salud","robots":{"index":"index","follow":"follow","max-snippet":"max-snippet:-1","max-image-preview":"max-image-preview:large","max-video-preview":"max-video-preview:-1"},"canonical":"https:\/\/instituciones.gtm.sld.cu\/dmsmta\/mapa-del-sitio\/","og_locale":"es_ES","og_type":"article","og_title":"Mapa del Sitio - Direcci\u00f3n General de Salud","og_description":"Acerca De \u00bfQui\u00e9nes Somos? Misi\u00f3n Visi\u00f3n Objetivo de Sitio Unidades Policl\u00ednico M\u00e1rtires de Jamaica *Servicios *Consultas Policl\u00ednico Manuel Tames *Servicios *Consultas \u00a0Unidad Municipal de Higiene y Epidemiolog\u00eda Departamentos Direcci\u00f3n Contabilidad Estad\u00edsticas Asistencia M\u00e9dica Adiministrativo Recursos Humanos Colaboraci\u00f3n Inform\u00e1tica Puesto de Mando Protecci\u00f3n F\u00edsica P\u00e1ginas SIUM Cuadros Audiror\u00eda Atenci\u00f3n a la Poblaci\u00f3n Metrolog\u00eda PAMI Enfermer\u00eda Trabajo &hellip; Seguir leyendo","og_url":"https:\/\/instituciones.gtm.sld.cu\/dmsmta\/mapa-del-sitio\/","og_site_name":"Direcci\u00f3n General de Salud","twitter_card":"summary_large_image","schema":{"@context":"https:\/\/schema.org","@graph":[{"@type":"WebPage","@id":"https:\/\/instituciones.gtm.sld.cu\/dmsmta\/mapa-del-sitio\/","url":"https:\/\/instituciones.gtm.sld.cu\/dmsmta\/mapa-del-sitio\/","name":"Mapa del Sitio - Direcci\u00f3n General de Salud","isPartOf":{"@id":"https:\/\/instituciones.gtm.sld.cu\/dmsmta\/#website"},"datePublished":"2019-02-28T17:47:55+00:00","dateModified":"2019-02-28T17:47:55+00:00","breadcrumb":{"@id":"https:\/\/instituciones.gtm.sld.cu\/dmsmta\/mapa-del-sitio\/#breadcrumb"},"inLanguage":"es","potentialAction":[{"@type":"ReadAction","target":["https:\/\/instituciones.gtm.sld.cu\/dmsmta\/mapa-del-sitio\/"]}]},{"@type":"BreadcrumbList","@id":"https:\/\/instituciones.gtm.sld.cu\/dmsmta\/mapa-del-sitio\/#breadcrumb","itemListElement":[{"@type":"ListItem","position":1,"name":"Portada","item":"https:\/\/instituciones.gtm.sld.cu\/dmsmta\/"},{"@type":"ListItem","position":2,"name":"Mapa del Sitio"}]},{"@type":"WebSite","@id":"https:\/\/instituciones.gtm.sld.cu\/dmsmta\/#website","url":"https:\/\/instituciones.gtm.sld.cu\/dmsmta\/","name":"Direcci\u00f3n General de Salud","description":"Manuel Tames","potentialAction":[{"@type":"SearchAction","target":{"@type":"EntryPoint","urlTemplate":"https:\/\/instituciones.gtm.sld.cu\/dmsmta\/?s={search_term_string}"},"query-input":"required name=search_term_string"}],"inLanguage":"es"}]}},"_links":{"self":[{"href":"https:\/\/instituciones.gtm.sld.cu\/dmsmta\/wp-json\/wp\/v2\/pages\/485"}],"collection":[{"href":"https:\/\/instituciones.gtm.sld.cu\/dmsmta\/wp-json\/wp\/v2\/pages"}],"about":[{"href":"https:\/\/instituciones.gtm.sld.cu\/dmsmta\/wp-json\/wp\/v2\/types\/page"}],"author":[{"embeddable":true,"href":"https:\/\/instituciones.gtm.sld.cu\/dmsmta\/wp-json\/wp\/v2\/users\/79"}],"replies":[{"embeddable":true,"href":"https:\/\/instituciones.gtm.sld.cu\/dmsmta\/wp-json\/wp\/v2\/comments?post=485"}],"version-history":[{"count":0,"href":"https:\/\/instituciones.gtm.sld.cu\/dmsmta\/wp-json\/wp\/v2\/pages\/485\/revisions"}],"wp:attachment":[{"href":"https:\/\/instituciones.gtm.sld.cu\/dmsmta\/wp-json\/wp\/v2\/media?parent=485"}],"curies":[{"name":"wp","href":"https:\/\/api.w.org\/{rel}","templated":true}]}}