{"id":528,"date":"2019-03-14T16:54:46","date_gmt":"2019-03-14T16:54:46","guid":{"rendered":"http:\/\/instituciones2.gtm.sld.cu\/dmsmta\/?page_id=528"},"modified":"2019-03-14T16:54:46","modified_gmt":"2019-03-14T16:54:46","slug":"policlinico-manuel-tames","status":"publish","type":"page","link":"https:\/\/instituciones.gtm.sld.cu\/dmsmta\/policlinico-manuel-tames\/policlinico-manuel-tames\/","title":{"rendered":"Policl\u00ednico Manuel Tames"},"content":{"rendered":"\n<p>Se fund\u00f3 en el a\u00f1o 1996, desde sus inicios contaba con las consultas priorizadas del pa\u00eds y en la actualidad cuenta con los servicios de Estomatolog\u00eda , Cuerpo de Guardia, Vacunaci\u00f3n, Rayos x, Laboratorio cl\u00ednico, Esterilizaci\u00f3n, C\u00f3lera, Enfermer\u00eda y Urgencia M\u00e9dica.<br><\/p>\n\n\n\n<h3 class=\"wp-block-heading\">Salud<\/h3>\n\n\n\n<p>El triunfo revolucionario halla la salud p\u00fablica con\nun bajo nivel de atenci\u00f3n, pues oficialmente no exist\u00edan instituciones\nsanitarias y dos m\u00e9dicos. Amado Urqu\u00eda y Armando Ballar que pose\u00edan\nconsultorios privados, exist\u00edan 3 farmacias privadas, una en Romeli\u00e9 y dos en\nSan Antonio, con su practicante cada uno, con su practicante cada uno, adem\u00e1s\nun estomat\u00f3logo que s\u00f3lo se dedicaba a la extracci\u00f3n y no todos los d\u00edas, la\nmedicina que se practicaba era totalmente privada. En 1960se iniciaba la\nconstrucci\u00f3n del hospital rural en San Antonio concluido en 1961 y que es\ninaugurado con un m\u00e9dico, tres enfermeras, un t\u00e9cnico de laboratorio y un\nauxiliar de estad\u00edsticas. Contaba con 9 camas para ingresos, preferentemente\nembarazadas, as\u00ed paulatinamente se aplicaron durante la d\u00e9cada de los 60\ndistintos planes como la erradicaci\u00f3n del paludismo y otras campa\u00f1as contra\nenfermedades que poco a poco fueron eliminadas del territorio.<\/p>\n\n\n\n<p>La atenci\u00f3n a la salud como conquista de la Revoluci\u00f3n\nfue elev\u00e1ndose paulatinamente, tanto en la calidad como en la cantidad. As\u00ed en\nel a\u00f1o 1976 se construy\u00f3 un consultorio en H\u00e9ctor Infante y el n\u00famero de m\u00e9dico\nse eleva, y son 3 en la d\u00e9cada del 70 con enfermeras que pasan del n\u00famero 10.\nEn el 1982 se aumenta la capacidad del hospital y se le construyen 2 plantas y\naumenta el n\u00famero de m\u00e9dicos a 4.<\/p>\n\n\n\n<p>En&nbsp;<a href=\"https:\/\/www.ecured.cu\/1984\">1984<\/a>&nbsp;se\nconstruye un policl\u00ednico en Manuel&nbsp; Tames, lo que permite el aumento del\nn\u00famero de consultas y se establece n un mayor n\u00famero de especialidades. En los\n\u00faltimos a\u00f1os de la d\u00e9cada del 70 se funda una casa materna que en ella reciben\natenci\u00f3n en las \u00faltimas semanas del embarazo las mujeres, fundamentalmente las\nde las zonas rurales.<\/p>\n\n\n\n<p>Desde el triunfo de la Revoluci\u00f3n en la esfera de la\nSalud se ha venido trabajando arduamente con el objetivo de mejorar cada vez\nm\u00e1s la calidad de vida de nuestros habitantes, esto lo demuestran los\nindicadores que en la siguiente tabla se muestran:<\/p>\n\n\n\n<table class=\"wp-block-table\"><tbody><tr><td>\n  Conceptos\n  <\/td><td>\n  2004\n  <\/td><td>\n  2005\n  <\/td><td>\n  2006\n  <\/td><td>\n  2007\n  <\/td><td>\n  2008\n  <\/td><td>\n  2009\n  <\/td><\/tr><tr><td>\n  M\u00e9dicos\n  <\/td><td>\n  50\n  <\/td><td>\n  49\n  <\/td><td>\n  48\n  <\/td><td>\n  55\n  <\/td><td>\n  58\n  <\/td><td>\n  65\n  <\/td><\/tr><tr><td>\n  De ello: M\u00e9dicos de Familia\n  <\/td><td>\n  14\n  <\/td><td>\n  13\n  <\/td><td>\n  13\n  <\/td><td>\n  15\n  <\/td><td>\n  16\n  <\/td><td>\n  61\n  <\/td><\/tr><tr><td>\n  Estomat\u00f3logos\n  <\/td><td>\n  4\n  <\/td><td>\n  4\n  <\/td><td>\n  4\n  <\/td><td>\n  6\n  <\/td><td>\n  5\n  <\/td><td>\n  11\n  <\/td><\/tr><tr><td>\n  Farmac\u00e9uticos\n  <\/td><td>\n  6\n  <\/td><td>\n  8\n  <\/td><td>\n  7\n  <\/td><td>\n  10\n  <\/td><td>\n  8\n  <\/td><td>\n  15\n  <\/td><\/tr><tr><td>\n  Enfermeras y auxiliares\n  <\/td><td>\n  99\n  <\/td><td>\n  108\n  <\/td><td>\n  125\n  <\/td><td>\n  156\n  <\/td><td>\n  138\n  <\/td><td>\n  159\n  <\/td><\/tr><tr><td>\n  T\u00e9cnicos y auxiliares\n  <\/td><td>\n  78\n  <\/td><td>\n  294\n  <\/td><td>\n  248\n  <\/td><td>\n  217\n  <\/td><td>\n  376\n  <\/td><td>\n  60\n  <\/td><\/tr><tr><td>\n  Total\n  <\/td><td>\n  237\n  <\/td><td>\n  463\n  <\/td><td>\n  432\n  <\/td><td>\n  444\n  <\/td><td>\n  585\n  <\/td><td>\n  310\n  <\/td><\/tr><\/tbody><\/table>\n\n\n\n<p><strong>Policl\u00ednico Docente Manuel Tames<\/strong><\/p>\n\n\n\n<p>En el a\u00f1o 1981 se crea la unidad de vectores que\nposteriormente se convierte en unidad municipal de Higiene y Epidemiolog\u00eda y\nrealiza toda una labor preventiva y de control de plagas y enfermedades.<\/p>\n\n\n\n<p>A finales de la d\u00e9cada del 80 y cumpliendo con la\npol\u00edtica trazada se iniciaba la construcci\u00f3n de los consultorios del m\u00e9dico de\nla familia, como parte de la medicina comunal y preventiva.<\/p>\n\n\n\n<p>En el 1993 en el territorio del municipio exist\u00edan 13 consultorios del m\u00e9dico de la familia.<\/p>\n\n\n\n<p><strong>Fuente<\/strong>: ECURED (www.ecured.cu)<\/p>\n","protected":false},"excerpt":{"rendered":"<p>Se fund\u00f3 en el a\u00f1o 1996, desde sus inicios contaba con las consultas priorizadas del pa\u00eds y en la actualidad cuenta con los servicios de Estomatolog\u00eda , Cuerpo de Guardia, Vacunaci\u00f3n, Rayos x, Laboratorio cl\u00ednico, Esterilizaci\u00f3n, C\u00f3lera, Enfermer\u00eda y Urgencia M\u00e9dica. Salud El triunfo revolucionario halla la salud p\u00fablica con un bajo nivel de atenci\u00f3n, &hellip; <\/p>\n<p><a class=\"more-link btn\" href=\"https:\/\/instituciones.gtm.sld.cu\/dmsmta\/policlinico-manuel-tames\/policlinico-manuel-tames\/\">Seguir leyendo<\/a><\/p>\n","protected":false},"author":79,"featured_media":0,"parent":377,"menu_order":2,"comment_status":"closed","ping_status":"closed","template":"","meta":{"ngg_post_thumbnail":0,"_mc_calendar":[]},"yoast_head":"<!-- This site is optimized with the Yoast SEO plugin v21.8 - https:\/\/yoast.com\/wordpress\/plugins\/seo\/ -->\n<title>Policl\u00ednico Manuel Tames - Direcci\u00f3n General de Salud<\/title>\n<meta name=\"robots\" content=\"index, follow, max-snippet:-1, max-image-preview:large, max-video-preview:-1\" \/>\n<link rel=\"canonical\" href=\"https:\/\/instituciones.gtm.sld.cu\/dmsmta\/policlinico-manuel-tames\/policlinico-manuel-tames\/\" \/>\n<meta property=\"og:locale\" content=\"es_ES\" \/>\n<meta property=\"og:type\" content=\"article\" \/>\n<meta property=\"og:title\" content=\"Policl\u00ednico Manuel Tames - Direcci\u00f3n General de Salud\" \/>\n<meta property=\"og:description\" content=\"Se fund\u00f3 en el a\u00f1o 1996, desde sus inicios contaba con las consultas priorizadas del pa\u00eds y en la actualidad cuenta con los servicios de Estomatolog\u00eda , Cuerpo de Guardia, Vacunaci\u00f3n, Rayos x, Laboratorio cl\u00ednico, Esterilizaci\u00f3n, C\u00f3lera, Enfermer\u00eda y Urgencia M\u00e9dica. Salud El triunfo revolucionario halla la salud p\u00fablica con un bajo nivel de atenci\u00f3n, &hellip; Seguir leyendo\" \/>\n<meta property=\"og:url\" content=\"https:\/\/instituciones.gtm.sld.cu\/dmsmta\/policlinico-manuel-tames\/policlinico-manuel-tames\/\" \/>\n<meta property=\"og:site_name\" content=\"Direcci\u00f3n General de Salud\" \/>\n<meta name=\"twitter:card\" content=\"summary_large_image\" \/>\n<meta name=\"twitter:label1\" content=\"Tiempo de lectura\" \/>\n\t<meta name=\"twitter:data1\" content=\"3 minutos\" \/>\n<script type=\"application\/ld+json\" class=\"yoast-schema-graph\">{\"@context\":\"https:\/\/schema.org\",\"@graph\":[{\"@type\":\"WebPage\",\"@id\":\"https:\/\/instituciones.gtm.sld.cu\/dmsmta\/policlinico-manuel-tames\/policlinico-manuel-tames\/\",\"url\":\"https:\/\/instituciones.gtm.sld.cu\/dmsmta\/policlinico-manuel-tames\/policlinico-manuel-tames\/\",\"name\":\"Policl\u00ednico Manuel Tames - Direcci\u00f3n General de Salud\",\"isPartOf\":{\"@id\":\"https:\/\/instituciones.gtm.sld.cu\/dmsmta\/#website\"},\"datePublished\":\"2019-03-14T16:54:46+00:00\",\"dateModified\":\"2019-03-14T16:54:46+00:00\",\"breadcrumb\":{\"@id\":\"https:\/\/instituciones.gtm.sld.cu\/dmsmta\/policlinico-manuel-tames\/policlinico-manuel-tames\/#breadcrumb\"},\"inLanguage\":\"es\",\"potentialAction\":[{\"@type\":\"ReadAction\",\"target\":[\"https:\/\/instituciones.gtm.sld.cu\/dmsmta\/policlinico-manuel-tames\/policlinico-manuel-tames\/\"]}]},{\"@type\":\"BreadcrumbList\",\"@id\":\"https:\/\/instituciones.gtm.sld.cu\/dmsmta\/policlinico-manuel-tames\/policlinico-manuel-tames\/#breadcrumb\",\"itemListElement\":[{\"@type\":\"ListItem\",\"position\":1,\"name\":\"Portada\",\"item\":\"https:\/\/instituciones.gtm.sld.cu\/dmsmta\/\"},{\"@type\":\"ListItem\",\"position\":2,\"name\":\"Unidades\",\"item\":\"https:\/\/instituciones.gtm.sld.cu\/dmsmta\/policlinico-manuel-tames\/\"},{\"@type\":\"ListItem\",\"position\":3,\"name\":\"Policl\u00ednico Manuel Tames\"}]},{\"@type\":\"WebSite\",\"@id\":\"https:\/\/instituciones.gtm.sld.cu\/dmsmta\/#website\",\"url\":\"https:\/\/instituciones.gtm.sld.cu\/dmsmta\/\",\"name\":\"Direcci\u00f3n General de Salud\",\"description\":\"Manuel Tames\",\"potentialAction\":[{\"@type\":\"SearchAction\",\"target\":{\"@type\":\"EntryPoint\",\"urlTemplate\":\"https:\/\/instituciones.gtm.sld.cu\/dmsmta\/?s={search_term_string}\"},\"query-input\":\"required name=search_term_string\"}],\"inLanguage\":\"es\"}]}<\/script>\n<!-- \/ Yoast SEO plugin. -->","yoast_head_json":{"title":"Policl\u00ednico Manuel Tames - Direcci\u00f3n General de Salud","robots":{"index":"index","follow":"follow","max-snippet":"max-snippet:-1","max-image-preview":"max-image-preview:large","max-video-preview":"max-video-preview:-1"},"canonical":"https:\/\/instituciones.gtm.sld.cu\/dmsmta\/policlinico-manuel-tames\/policlinico-manuel-tames\/","og_locale":"es_ES","og_type":"article","og_title":"Policl\u00ednico Manuel Tames - Direcci\u00f3n General de Salud","og_description":"Se fund\u00f3 en el a\u00f1o 1996, desde sus inicios contaba con las consultas priorizadas del pa\u00eds y en la actualidad cuenta con los servicios de Estomatolog\u00eda , Cuerpo de Guardia, Vacunaci\u00f3n, Rayos x, Laboratorio cl\u00ednico, Esterilizaci\u00f3n, C\u00f3lera, Enfermer\u00eda y Urgencia M\u00e9dica. Salud El triunfo revolucionario halla la salud p\u00fablica con un bajo nivel de atenci\u00f3n, &hellip; Seguir leyendo","og_url":"https:\/\/instituciones.gtm.sld.cu\/dmsmta\/policlinico-manuel-tames\/policlinico-manuel-tames\/","og_site_name":"Direcci\u00f3n General de Salud","twitter_card":"summary_large_image","twitter_misc":{"Tiempo de lectura":"3 minutos"},"schema":{"@context":"https:\/\/schema.org","@graph":[{"@type":"WebPage","@id":"https:\/\/instituciones.gtm.sld.cu\/dmsmta\/policlinico-manuel-tames\/policlinico-manuel-tames\/","url":"https:\/\/instituciones.gtm.sld.cu\/dmsmta\/policlinico-manuel-tames\/policlinico-manuel-tames\/","name":"Policl\u00ednico Manuel Tames - Direcci\u00f3n General de Salud","isPartOf":{"@id":"https:\/\/instituciones.gtm.sld.cu\/dmsmta\/#website"},"datePublished":"2019-03-14T16:54:46+00:00","dateModified":"2019-03-14T16:54:46+00:00","breadcrumb":{"@id":"https:\/\/instituciones.gtm.sld.cu\/dmsmta\/policlinico-manuel-tames\/policlinico-manuel-tames\/#breadcrumb"},"inLanguage":"es","potentialAction":[{"@type":"ReadAction","target":["https:\/\/instituciones.gtm.sld.cu\/dmsmta\/policlinico-manuel-tames\/policlinico-manuel-tames\/"]}]},{"@type":"BreadcrumbList","@id":"https:\/\/instituciones.gtm.sld.cu\/dmsmta\/policlinico-manuel-tames\/policlinico-manuel-tames\/#breadcrumb","itemListElement":[{"@type":"ListItem","position":1,"name":"Portada","item":"https:\/\/instituciones.gtm.sld.cu\/dmsmta\/"},{"@type":"ListItem","position":2,"name":"Unidades","item":"https:\/\/instituciones.gtm.sld.cu\/dmsmta\/policlinico-manuel-tames\/"},{"@type":"ListItem","position":3,"name":"Policl\u00ednico Manuel Tames"}]},{"@type":"WebSite","@id":"https:\/\/instituciones.gtm.sld.cu\/dmsmta\/#website","url":"https:\/\/instituciones.gtm.sld.cu\/dmsmta\/","name":"Direcci\u00f3n General de Salud","description":"Manuel Tames","potentialAction":[{"@type":"SearchAction","target":{"@type":"EntryPoint","urlTemplate":"https:\/\/instituciones.gtm.sld.cu\/dmsmta\/?s={search_term_string}"},"query-input":"required name=search_term_string"}],"inLanguage":"es"}]}},"_links":{"self":[{"href":"https:\/\/instituciones.gtm.sld.cu\/dmsmta\/wp-json\/wp\/v2\/pages\/528"}],"collection":[{"href":"https:\/\/instituciones.gtm.sld.cu\/dmsmta\/wp-json\/wp\/v2\/pages"}],"about":[{"href":"https:\/\/instituciones.gtm.sld.cu\/dmsmta\/wp-json\/wp\/v2\/types\/page"}],"author":[{"embeddable":true,"href":"https:\/\/instituciones.gtm.sld.cu\/dmsmta\/wp-json\/wp\/v2\/users\/79"}],"replies":[{"embeddable":true,"href":"https:\/\/instituciones.gtm.sld.cu\/dmsmta\/wp-json\/wp\/v2\/comments?post=528"}],"version-history":[{"count":0,"href":"https:\/\/instituciones.gtm.sld.cu\/dmsmta\/wp-json\/wp\/v2\/pages\/528\/revisions"}],"up":[{"embeddable":true,"href":"https:\/\/instituciones.gtm.sld.cu\/dmsmta\/wp-json\/wp\/v2\/pages\/377"}],"wp:attachment":[{"href":"https:\/\/instituciones.gtm.sld.cu\/dmsmta\/wp-json\/wp\/v2\/media?parent=528"}],"curies":[{"name":"wp","href":"https:\/\/api.w.org\/{rel}","templated":true}]}}