{"id":532,"date":"2019-03-14T16:30:32","date_gmt":"2019-03-14T16:30:32","guid":{"rendered":"http:\/\/instituciones2.gtm.sld.cu\/dmsmta\/?page_id=532"},"modified":"2019-03-14T16:30:32","modified_gmt":"2019-03-14T16:30:32","slug":"policlinico-martires-de-jamaica","status":"publish","type":"page","link":"https:\/\/instituciones.gtm.sld.cu\/dmsmta\/policlinico-manuel-tames\/policlinico-martires-de-jamaica\/","title":{"rendered":"Policl\u00ednico M\u00e1rtires de Jamaica"},"content":{"rendered":"\n<p><strong>PRIORIDADES <\/strong><\/p>\n\n\n\n<p><strong>1. <\/strong><strong>Plan\neconom\u00eda y presupuesto.<\/strong><\/p>\n\n\n\n<p><strong>2. Cobros y pagos.<\/strong><\/p>\n\n\n\n<p><strong>3. Proceso de reordenamiento laboral <\/strong><\/p>\n\n\n\n<p><strong>4. Proceso inversionista<\/strong><\/p>\n\n\n\n<p><strong>5. Exportaci\u00f3n y sustituci\u00f3n de\nimportaciones.<\/strong><\/p>\n\n\n\n<p><strong>6. Ahorro como fuente de ingreso\npriorizando los portadores energ\u00e9ticos.<\/strong><\/p>\n\n\n\n<p><strong>7. Implementaci\u00f3n y desarrollo de la proyecci\u00f3n de iniciativa local bajo el principio de auto sostenibilidad. <\/strong><\/p>\n\n\n\n<p><strong>8. Impacto de la regionalizaci\u00f3n, compactaci\u00f3n y reorganizaci\u00f3n de los servicios de salud con \u00e9nfasis en la atenci\u00f3n primaria. <\/strong><\/p>\n\n\n\n<p><\/p>\n\n\n\n<p><strong>ATENCI\u00d3N A LA POBLACI\u00d3N<\/strong><\/p>\n\n\n\n<table class=\"wp-block-table\"><tbody><tr><td>\n  Direcci\u00f3n&nbsp; \n  <\/td><td>\n  Martes de 2.00 PM a 5.00 PM\n  <\/td><\/tr><tr><td>\n  Vice-direcci\u00f3n de\n  Asistencia M\u00e9dica \n  <\/td><td>\n  Jueves de 9.00 AM a\n  12.00 PM\n  <\/td><\/tr><tr><td>\n  Administraci\u00f3n \n  <\/td><td>\n  Jueves de 2.00 PM a\n  5.00 PM\n  <\/td><\/tr><tr><td>\n  Vice-direcci\u00f3n de Enfermer\u00eda\n  <\/td><td>\n  Lunes de 2.00 PM a\n  5.00 PM\n  <\/td><\/tr><tr><td>\n  Protecci\u00f3n F\u00edsica\n  <\/td><td>\n  S\u00e1bado de&nbsp; 8.00AM a 12.00 PM \n  <\/td><\/tr><tr><td>\n  Estad\u00edstica\n  <\/td><td>\n  Viernes de 2.00 PM a\n  5.00 PM\n  <\/td><\/tr><tr><td>\n  Recursos Humanos\n  <\/td><td>\n  Viernes de 2.00 PM a\n  5.00 PM\n  <\/td><\/tr><tr><td>\n  Colaboraci\u00f3n \n  <\/td><td>\n  Lunes y Mi\u00e9rcoles de\n  2.00 PM a 5.00 PM\n  <\/td><\/tr><tr><td>\n  Trabajo Social\n  <\/td><td>\n  Mi\u00e9rcoles de 9.00 AM\n  a 12.00 PM\n  <\/td><\/tr><tr><td>\n  Contabilidad \n  <\/td><td>\n  Lunes y viernes de&nbsp; 2.00 PM a 5.00 PM\n  <\/td><\/tr><tr><td>\n  Atenci\u00f3n a la\n  Poblaci\u00f3n\n  <\/td><td>\n  Lunes a s\u00e1bados de&nbsp; 8.00 AM a\n  4.45 PM\n  <\/td><\/tr><\/tbody><\/table>\n\n\n\n<p><strong>HORARIO EXTENDIDO<\/strong><\/p>\n\n\n\n<table class=\"wp-block-table\"><tbody><tr><td>\n  Direcci\u00f3n&nbsp; \n  <\/td><td>   Martes  de 2.00 PM a 8.00 PM    <\/td><\/tr><tr><td>\n  Vice-direcci\u00f3n de\n  Asistencia M\u00e9dica \n  <\/td><td>\n  Jueves de&nbsp; 5.00 PM a 8.00 PM\n  <\/td><\/tr><tr><td>\n  Administraci\u00f3n \n  <\/td><td>\n  Jueves de&nbsp; 5.00 PM a 8.00 PM\n  <\/td><\/tr><tr><td>\n  Vice-direcci\u00f3n de\n  Enfermer\u00eda\n  <\/td><td>   Lunes   de &nbsp;5.00 PM a 8.00 PM   <\/td><\/tr><tr><td>\n  Recursos Humanos\n  <\/td><td>   Viernes de  5.00 PM a 8.00 PM   <\/td><\/tr><tr><td>\n  Atenci\u00f3n a la\n  Poblaci\u00f3n\n  <\/td><td>   Viernes de 5.00 PM a 8.00 PM   <\/td><\/tr><\/tbody><\/table>\n","protected":false},"excerpt":{"rendered":"<p>PRIORIDADES 1. Plan econom\u00eda y presupuesto. 2. Cobros y pagos. 3. Proceso de reordenamiento laboral 4. Proceso inversionista 5. Exportaci\u00f3n y sustituci\u00f3n de importaciones. 6. Ahorro como fuente de ingreso priorizando los portadores energ\u00e9ticos. 7. Implementaci\u00f3n y desarrollo de la proyecci\u00f3n de iniciativa local bajo el principio de auto sostenibilidad. 8. Impacto de la regionalizaci\u00f3n, &hellip; <\/p>\n<p><a class=\"more-link btn\" href=\"https:\/\/instituciones.gtm.sld.cu\/dmsmta\/policlinico-manuel-tames\/policlinico-martires-de-jamaica\/\">Seguir leyendo<\/a><\/p>\n","protected":false},"author":79,"featured_media":0,"parent":377,"menu_order":0,"comment_status":"closed","ping_status":"closed","template":"","meta":{"ngg_post_thumbnail":0,"_mc_calendar":[]},"yoast_head":"<!-- This site is optimized with the Yoast SEO plugin v21.8 - https:\/\/yoast.com\/wordpress\/plugins\/seo\/ -->\n<title>Policl\u00ednico M\u00e1rtires de Jamaica - Direcci\u00f3n General de Salud<\/title>\n<meta name=\"robots\" content=\"index, follow, max-snippet:-1, max-image-preview:large, max-video-preview:-1\" \/>\n<link rel=\"canonical\" href=\"https:\/\/instituciones.gtm.sld.cu\/dmsmta\/policlinico-manuel-tames\/policlinico-martires-de-jamaica\/\" \/>\n<meta property=\"og:locale\" content=\"es_ES\" \/>\n<meta property=\"og:type\" content=\"article\" \/>\n<meta property=\"og:title\" content=\"Policl\u00ednico M\u00e1rtires de Jamaica - Direcci\u00f3n General de Salud\" \/>\n<meta property=\"og:description\" content=\"PRIORIDADES 1. Plan econom\u00eda y presupuesto. 2. Cobros y pagos. 3. Proceso de reordenamiento laboral 4. Proceso inversionista 5. Exportaci\u00f3n y sustituci\u00f3n de importaciones. 6. Ahorro como fuente de ingreso priorizando los portadores energ\u00e9ticos. 7. Implementaci\u00f3n y desarrollo de la proyecci\u00f3n de iniciativa local bajo el principio de auto sostenibilidad. 8. Impacto de la regionalizaci\u00f3n, &hellip; Seguir leyendo\" \/>\n<meta property=\"og:url\" content=\"https:\/\/instituciones.gtm.sld.cu\/dmsmta\/policlinico-manuel-tames\/policlinico-martires-de-jamaica\/\" \/>\n<meta property=\"og:site_name\" content=\"Direcci\u00f3n General de Salud\" \/>\n<meta name=\"twitter:card\" content=\"summary_large_image\" \/>\n<meta name=\"twitter:label1\" content=\"Tiempo de lectura\" \/>\n\t<meta name=\"twitter:data1\" content=\"1 minuto\" \/>\n<script type=\"application\/ld+json\" class=\"yoast-schema-graph\">{\"@context\":\"https:\/\/schema.org\",\"@graph\":[{\"@type\":\"WebPage\",\"@id\":\"https:\/\/instituciones.gtm.sld.cu\/dmsmta\/policlinico-manuel-tames\/policlinico-martires-de-jamaica\/\",\"url\":\"https:\/\/instituciones.gtm.sld.cu\/dmsmta\/policlinico-manuel-tames\/policlinico-martires-de-jamaica\/\",\"name\":\"Policl\u00ednico M\u00e1rtires de Jamaica - Direcci\u00f3n General de Salud\",\"isPartOf\":{\"@id\":\"https:\/\/instituciones.gtm.sld.cu\/dmsmta\/#website\"},\"datePublished\":\"2019-03-14T16:30:32+00:00\",\"dateModified\":\"2019-03-14T16:30:32+00:00\",\"breadcrumb\":{\"@id\":\"https:\/\/instituciones.gtm.sld.cu\/dmsmta\/policlinico-manuel-tames\/policlinico-martires-de-jamaica\/#breadcrumb\"},\"inLanguage\":\"es\",\"potentialAction\":[{\"@type\":\"ReadAction\",\"target\":[\"https:\/\/instituciones.gtm.sld.cu\/dmsmta\/policlinico-manuel-tames\/policlinico-martires-de-jamaica\/\"]}]},{\"@type\":\"BreadcrumbList\",\"@id\":\"https:\/\/instituciones.gtm.sld.cu\/dmsmta\/policlinico-manuel-tames\/policlinico-martires-de-jamaica\/#breadcrumb\",\"itemListElement\":[{\"@type\":\"ListItem\",\"position\":1,\"name\":\"Portada\",\"item\":\"https:\/\/instituciones.gtm.sld.cu\/dmsmta\/\"},{\"@type\":\"ListItem\",\"position\":2,\"name\":\"Unidades\",\"item\":\"https:\/\/instituciones.gtm.sld.cu\/dmsmta\/policlinico-manuel-tames\/\"},{\"@type\":\"ListItem\",\"position\":3,\"name\":\"Policl\u00ednico M\u00e1rtires de Jamaica\"}]},{\"@type\":\"WebSite\",\"@id\":\"https:\/\/instituciones.gtm.sld.cu\/dmsmta\/#website\",\"url\":\"https:\/\/instituciones.gtm.sld.cu\/dmsmta\/\",\"name\":\"Direcci\u00f3n General de Salud\",\"description\":\"Manuel Tames\",\"potentialAction\":[{\"@type\":\"SearchAction\",\"target\":{\"@type\":\"EntryPoint\",\"urlTemplate\":\"https:\/\/instituciones.gtm.sld.cu\/dmsmta\/?s={search_term_string}\"},\"query-input\":\"required name=search_term_string\"}],\"inLanguage\":\"es\"}]}<\/script>\n<!-- \/ Yoast SEO plugin. -->","yoast_head_json":{"title":"Policl\u00ednico M\u00e1rtires de Jamaica - Direcci\u00f3n General de Salud","robots":{"index":"index","follow":"follow","max-snippet":"max-snippet:-1","max-image-preview":"max-image-preview:large","max-video-preview":"max-video-preview:-1"},"canonical":"https:\/\/instituciones.gtm.sld.cu\/dmsmta\/policlinico-manuel-tames\/policlinico-martires-de-jamaica\/","og_locale":"es_ES","og_type":"article","og_title":"Policl\u00ednico M\u00e1rtires de Jamaica - Direcci\u00f3n General de Salud","og_description":"PRIORIDADES 1. Plan econom\u00eda y presupuesto. 2. Cobros y pagos. 3. Proceso de reordenamiento laboral 4. Proceso inversionista 5. Exportaci\u00f3n y sustituci\u00f3n de importaciones. 6. Ahorro como fuente de ingreso priorizando los portadores energ\u00e9ticos. 7. Implementaci\u00f3n y desarrollo de la proyecci\u00f3n de iniciativa local bajo el principio de auto sostenibilidad. 8. Impacto de la regionalizaci\u00f3n, &hellip; Seguir leyendo","og_url":"https:\/\/instituciones.gtm.sld.cu\/dmsmta\/policlinico-manuel-tames\/policlinico-martires-de-jamaica\/","og_site_name":"Direcci\u00f3n General de Salud","twitter_card":"summary_large_image","twitter_misc":{"Tiempo de lectura":"1 minuto"},"schema":{"@context":"https:\/\/schema.org","@graph":[{"@type":"WebPage","@id":"https:\/\/instituciones.gtm.sld.cu\/dmsmta\/policlinico-manuel-tames\/policlinico-martires-de-jamaica\/","url":"https:\/\/instituciones.gtm.sld.cu\/dmsmta\/policlinico-manuel-tames\/policlinico-martires-de-jamaica\/","name":"Policl\u00ednico M\u00e1rtires de Jamaica - Direcci\u00f3n General de Salud","isPartOf":{"@id":"https:\/\/instituciones.gtm.sld.cu\/dmsmta\/#website"},"datePublished":"2019-03-14T16:30:32+00:00","dateModified":"2019-03-14T16:30:32+00:00","breadcrumb":{"@id":"https:\/\/instituciones.gtm.sld.cu\/dmsmta\/policlinico-manuel-tames\/policlinico-martires-de-jamaica\/#breadcrumb"},"inLanguage":"es","potentialAction":[{"@type":"ReadAction","target":["https:\/\/instituciones.gtm.sld.cu\/dmsmta\/policlinico-manuel-tames\/policlinico-martires-de-jamaica\/"]}]},{"@type":"BreadcrumbList","@id":"https:\/\/instituciones.gtm.sld.cu\/dmsmta\/policlinico-manuel-tames\/policlinico-martires-de-jamaica\/#breadcrumb","itemListElement":[{"@type":"ListItem","position":1,"name":"Portada","item":"https:\/\/instituciones.gtm.sld.cu\/dmsmta\/"},{"@type":"ListItem","position":2,"name":"Unidades","item":"https:\/\/instituciones.gtm.sld.cu\/dmsmta\/policlinico-manuel-tames\/"},{"@type":"ListItem","position":3,"name":"Policl\u00ednico M\u00e1rtires de Jamaica"}]},{"@type":"WebSite","@id":"https:\/\/instituciones.gtm.sld.cu\/dmsmta\/#website","url":"https:\/\/instituciones.gtm.sld.cu\/dmsmta\/","name":"Direcci\u00f3n General de Salud","description":"Manuel Tames","potentialAction":[{"@type":"SearchAction","target":{"@type":"EntryPoint","urlTemplate":"https:\/\/instituciones.gtm.sld.cu\/dmsmta\/?s={search_term_string}"},"query-input":"required name=search_term_string"}],"inLanguage":"es"}]}},"_links":{"self":[{"href":"https:\/\/instituciones.gtm.sld.cu\/dmsmta\/wp-json\/wp\/v2\/pages\/532"}],"collection":[{"href":"https:\/\/instituciones.gtm.sld.cu\/dmsmta\/wp-json\/wp\/v2\/pages"}],"about":[{"href":"https:\/\/instituciones.gtm.sld.cu\/dmsmta\/wp-json\/wp\/v2\/types\/page"}],"author":[{"embeddable":true,"href":"https:\/\/instituciones.gtm.sld.cu\/dmsmta\/wp-json\/wp\/v2\/users\/79"}],"replies":[{"embeddable":true,"href":"https:\/\/instituciones.gtm.sld.cu\/dmsmta\/wp-json\/wp\/v2\/comments?post=532"}],"version-history":[{"count":0,"href":"https:\/\/instituciones.gtm.sld.cu\/dmsmta\/wp-json\/wp\/v2\/pages\/532\/revisions"}],"up":[{"embeddable":true,"href":"https:\/\/instituciones.gtm.sld.cu\/dmsmta\/wp-json\/wp\/v2\/pages\/377"}],"wp:attachment":[{"href":"https:\/\/instituciones.gtm.sld.cu\/dmsmta\/wp-json\/wp\/v2\/media?parent=532"}],"curies":[{"name":"wp","href":"https:\/\/api.w.org\/{rel}","templated":true}]}}