{"id":2018,"date":"2019-03-13T13:49:55","date_gmt":"2019-03-13T17:49:55","guid":{"rendered":"http:\/\/instituciones.gtm.sld.cu\/electromedicina\/?page_id=2018"},"modified":"2023-11-08T10:46:54","modified_gmt":"2023-11-08T15:46:54","slug":"informatica","status":"publish","type":"page","link":"https:\/\/instituciones.gtm.sld.cu\/electromedicina\/departamentos\/dpto-administrativo\/direccion\/informatica\/","title":{"rendered":"Inform\u00e1tica"},"content":{"rendered":"<p>El departamento de inform\u00e1tica del centro est\u00e1 integrado por: (Plaza Vacante)<\/p>\n<h4><span id=\"Mision\" style=\"color: #008000\"><strong>Misi\u00f3n:<\/strong><\/span><\/h4>\n<p>Contribuir al desarrollo sostenible y fortalecimiento del Sistema de Salud cubano a trav\u00e9s del uso intensivo de las Tecnolog\u00edas de la Informaci\u00f3n y las Comunicaciones y sus aplicaciones en los procesos de la red de sistemas y servicios de salud que garanticen el acceso, vinculaci\u00f3n \u00fanica y continuada en la atenci\u00f3n del paciente y la comunidad, la formaci\u00f3n y preparaci\u00f3n de su capital humano, el desarrollo de redes de apoyo e investigaci\u00f3n que favorezcan las prestaciones en todos los niveles de atenci\u00f3n y coadyuve a garantizar la salud de la poblaci\u00f3n.<\/p>\n<h4><span id=\"Vision\" style=\"color: #008000\"><strong>Visi\u00f3n<\/strong><\/span><\/h4>\n<p>El Sistema Nacional de Salud dispone de una Intranet de la salud, ciberinfraestructura corporativa con un alto grado de informatizaci\u00f3n, seguridad, est\u00e1ndares e interoperabilidad conformada por sus sistemas, servicios e instituciones que garantiza el flujo e intercambio informativo para la atenci\u00f3n directa, agilizaci\u00f3n de tr\u00e1mites, ayuda al diagn\u00f3stico, evaluaci\u00f3n y control de los procesos del paciente, la comunidad y la direcci\u00f3n de los servicios.<\/p>\n<p><strong><span style=\"color: #008000\">Objetivos de Trabajo para el a\u00f1o 2023.<\/span><\/strong><\/p>\n<p lang=\"es-ES\" align=\"justify\"><span style=\"font-family: Calibri, serif\"><span style=\"font-size: small\"><span style=\"font-family: Arial Narrow, serif\"><span style=\"font-size: large\"><i><b>Objetivo 1.<\/b><\/i><\/span><\/span><span style=\"font-family: Arial Narrow, serif\"><span style=\"font-size: large\"><i> Incrementar el estado de salud de la poblaci\u00f3n y su satisfacci\u00f3n con los servicios. <\/i><\/span><\/span><span style=\"font-family: Arial Narrow, serif\"><span style=\"font-size: large\"><i><b>Lineamientos: 96 y 98.<\/b><\/i><\/span><\/span><\/span><\/span><\/p>\n<table width=\"915\" cellspacing=\"0\" cellpadding=\"7\">\n<tbody>\n<tr valign=\"top\">\n<td width=\"476\">\n<p class=\"western\" lang=\"es-ES\" align=\"left\"><span style=\"font-family: Arial Narrow, serif;color: #000000\"><span style=\"font-size: large\"><b>INDICADORES<\/b><\/span><\/span><\/p>\n<\/td>\n<td width=\"88\">\n<p class=\"western\" lang=\"es-ES\" align=\"left\"><span style=\"font-family: Arial Narrow, serif;color: #000000\"><span style=\"font-size: large\"><b>Prop\u00f3sito MINSAP<\/b><\/span><\/span><\/p>\n<\/td>\n<td width=\"81\">\n<p class=\"western\" lang=\"es-ES\" align=\"left\"><span style=\"font-family: Arial Narrow, serif;color: #000000\"><span style=\"font-size: large\"><b>Prop\u00f3sito Provincial<\/b><\/span><\/span><\/p>\n<\/td>\n<td width=\"97\">\n<p class=\"western\" lang=\"es-ES\" align=\"center\"><span style=\"font-family: Arial Narrow, serif;color: #000000\"><span style=\"font-size: large\"><b>Grado de consecuci\u00f3n<\/b><\/span><\/span><\/p>\n<\/td>\n<td width=\"101\">\n<p class=\"western\" lang=\"es-ES\" align=\"left\"><span style=\"font-family: Arial Narrow, serif;color: #000000\"><span style=\"font-size: large\"><b>Periodo de evaluaci\u00f3n<\/b><\/span><\/span><\/p>\n<\/td>\n<\/tr>\n<tr>\n<td colspan=\"5\" width=\"899\" valign=\"top\" bgcolor=\"#d9d9d9\">\n<p class=\"western\" style=\"text-align: center\" lang=\"es-ES\" align=\"justify\"><span style=\"font-family: Arial Narrow, serif;color: #000000\"><span style=\"font-size: large\"><b>DEPARTAMENTO&nbsp; INFORM\u00c1TICA<\/b><\/span><\/span><\/p>\n<\/td>\n<\/tr>\n<tr valign=\"top\">\n<td width=\"476\">\n<p class=\"western\" lang=\"es-ES\" align=\"left\"><span style=\"font-family: Arial Narrow, serif;color: #000000\"><span style=\"font-size: large\">Porcentaje de policl\u00ednicos con acceso a internet.<\/span><\/span><\/p>\n<\/td>\n<td width=\"88\">\n<p class=\"western\" lang=\"es-ES\" align=\"center\"><span style=\"font-family: Arial Narrow, serif;color: #000000\"><span style=\"font-size: large\">80%<\/span><\/span><\/p>\n<\/td>\n<td width=\"81\">\n<p class=\"western\" lang=\"es-ES\" align=\"justify\"><span style=\"font-family: Arial Narrow, serif;color: #000000\"><span style=\"font-size: large\">90%<\/span><\/span><\/p>\n<\/td>\n<td width=\"97\">\n<p class=\"western\" lang=\"es-ES\" align=\"justify\"><span style=\"font-family: Arial Narrow, serif;color: #000000\"><span style=\"font-size: large\">B: 90 % M: menor de 90 %<\/span><\/span><\/p>\n<\/td>\n<td width=\"101\">\n<p class=\"western\" lang=\"es-ES\" align=\"center\"><span style=\"font-family: Arial Narrow, serif;color: #000000\"><span style=\"font-size: large\">Trimestral<\/span><\/span><\/p>\n<\/td>\n<\/tr>\n<tr valign=\"top\">\n<td width=\"476\">\n<p class=\"western\" lang=\"es-ES\" align=\"left\"><span style=\"font-family: Arial Narrow, serif;color: #000000\"><span style=\"font-size: large\">Porcentaje de hospitales con acceso a internet.<\/span><\/span><\/p>\n<\/td>\n<td width=\"88\">\n<p class=\"western\" lang=\"es-ES\" align=\"center\"><span style=\"font-family: Arial Narrow, serif;color: #000000\"><span style=\"font-size: large\">90%<\/span><\/span><\/p>\n<\/td>\n<td width=\"81\">\n<p class=\"western\" lang=\"es-ES\" align=\"justify\"><span style=\"font-family: Arial Narrow, serif;color: #000000\"><span style=\"font-size: large\">100<\/span><\/span><\/p>\n<\/td>\n<td width=\"97\">\n<p class=\"western\" lang=\"es-ES\" align=\"justify\"><span style=\"font-family: Arial Narrow, serif;color: #000000\"><span style=\"font-size: large\">B: 100 % M: menor de 100 %<\/span><\/span><\/p>\n<\/td>\n<td width=\"101\">\n<p class=\"western\" lang=\"es-ES\" align=\"center\"><span style=\"font-family: Arial Narrow, serif;color: #000000\"><span style=\"font-size: large\">Trimestral<\/span><\/span><\/p>\n<\/td>\n<\/tr>\n<tr valign=\"top\">\n<td width=\"476\">\n<p class=\"western\" lang=\"es-ES\" align=\"left\"><span style=\"font-family: Arial Narrow, serif;color: #000000\"><span style=\"font-size: large\">Cumplimiento de las etapas del desarrollo del gobierno electr\u00f3nico.<\/span><\/span><\/p>\n<\/td>\n<td width=\"88\">\n<p class=\"western\" lang=\"es-ES\" align=\"center\"><span style=\"font-family: Arial Narrow, serif;color: #000000\"><span style=\"font-size: large\">100 %<\/span><\/span><\/p>\n<\/td>\n<td width=\"81\">\n<p class=\"western\" lang=\"es-ES\" align=\"justify\"><span style=\"font-family: Arial Narrow, serif;color: #000000\"><span style=\"font-size: large\">100 %<\/span><\/span><\/p>\n<\/td>\n<td width=\"97\">\n<p class=\"western\" lang=\"es-ES\" align=\"left\"><span style=\"font-family: Arial Narrow, serif;color: #000000\"><span style=\"font-size: large\">B: 100 % M: menos de 100 %<\/span><\/span><\/p>\n<\/td>\n<td width=\"101\">\n<p class=\"western\" lang=\"es-ES\" align=\"center\"><span style=\"font-family: Arial Narrow, serif;color: #000000\"><span style=\"font-size: large\">Semestral<\/span><\/span><\/p>\n<\/td>\n<\/tr>\n<tr valign=\"top\">\n<td width=\"476\">\n<p class=\"western\" lang=\"es-ES\" align=\"left\"><span style=\"font-family: Arial Narrow, serif;color: #000000\"><span style=\"font-size: large\">Porciento de disponibilidad del Sitio Web Oficial del MINSAP.<\/span><\/span><\/p>\n<\/td>\n<td width=\"88\">\n<p class=\"western\" lang=\"es-ES\" align=\"center\"><span style=\"font-family: Arial Narrow, serif;color: #000000\"><span style=\"font-size: large\">100%<\/span><\/span><\/p>\n<\/td>\n<td width=\"81\">\n<p class=\"western\" lang=\"es-ES\" align=\"left\"><span style=\"font-family: Arial Narrow, serif;color: #000000\"><span style=\"font-size: large\">100 %<\/span><\/span><\/p>\n<\/td>\n<td width=\"97\">\n<p class=\"western\" lang=\"es-ES\" align=\"left\"><span style=\"font-family: Arial Narrow, serif;color: #000000\"><span style=\"font-size: large\">B: 100 % M: menos de 100 %<\/span><\/span><\/p>\n<\/td>\n<td width=\"101\">\n<p class=\"western\" lang=\"es-ES\" align=\"center\"><span style=\"font-family: Arial Narrow, serif;color: #000000\"><span style=\"font-size: large\">Mensual<\/span><\/span><\/p>\n<\/td>\n<\/tr>\n<tr valign=\"top\">\n<td width=\"476\">\n<p class=\"western\" lang=\"es-ES\" align=\"left\"><span style=\"font-family: Arial Narrow, serif;color: #000000\"><span style=\"font-size: large\">Porciento de implementaci\u00f3n de la Historia Cl\u00ednica Digital en el segundo nivel de atenci\u00f3n.<\/span><\/span><\/p>\n<\/td>\n<td width=\"88\">&nbsp;<\/td>\n<td width=\"81\">\n<p class=\"western\" lang=\"es-ES\" align=\"justify\"><span style=\"color: #000000\"><span style=\"font-family: Arial Narrow, serif\"><span style=\"font-size: large\">15 % en los centros asistenciales de segundo nivel<\/span><\/span><\/span><\/p>\n<\/td>\n<td width=\"97\">\n<p class=\"western\" lang=\"es-ES\" align=\"left\"><span style=\"color: #000000\"><span style=\"font-family: Arial Narrow, serif\"><span style=\"font-size: large\">B: 10 % M: menos de 10 %<\/span><\/span><\/span><\/p>\n<\/td>\n<td width=\"101\">\n<p class=\"western\" lang=\"es-ES\" align=\"center\"><span style=\"color: #000000\"><span style=\"font-family: Arial Narrow, serif\"><span style=\"font-size: large\">Trimestral<\/span><\/span><\/span><\/p>\n<\/td>\n<\/tr>\n<tr>\n<td width=\"476\">\n<p class=\"western\" lang=\"es-ES\" align=\"left\"><span style=\"color: #000000\"><span style=\"font-family: Arial Narrow, serif\"><span style=\"font-size: large\">Porciento de farmacias informatizadas con el control de medicamentos.<\/span><\/span><\/span><\/p>\n<\/td>\n<td width=\"88\" valign=\"top\">\n<p class=\"western\" lang=\"es-ES\" align=\"center\"><span style=\"font-family: Arial Narrow, serif;color: #000000\"><span style=\"font-size: large\">15%<\/span><\/span><\/p>\n<\/td>\n<td width=\"81\" valign=\"top\">\n<p class=\"western\" lang=\"es-ES\" align=\"justify\"><span style=\"color: #000000\"><span style=\"font-family: Arial Narrow, serif\"><span style=\"font-size: large\">5 %<\/span><\/span><\/span><\/p>\n<\/td>\n<td width=\"97\" valign=\"top\">\n<p class=\"western\" lang=\"es-ES\" align=\"justify\"><span style=\"color: #000000\"><span style=\"font-family: Arial Narrow, serif\"><span style=\"font-size: large\">B: 5 % M: menor de 5 %<\/span><\/span><\/span><\/p>\n<\/td>\n<td width=\"101\" valign=\"top\">\n<p class=\"western\" lang=\"es-ES\" align=\"center\"><span style=\"color: #000000\"><span style=\"font-family: Arial Narrow, serif\"><span style=\"font-size: large\">Trimestral<\/span><\/span><\/span><\/p>\n<\/td>\n<\/tr>\n<\/tbody>\n<\/table>\n","protected":false},"excerpt":{"rendered":"<p>El departamento de inform\u00e1tica del centro est\u00e1 integrado por: (Plaza Vacante) Misi\u00f3n: Contribuir al desarrollo sostenible y fortalecimiento del Sistema de Salud cubano a trav\u00e9s del uso intensivo de las Tecnolog\u00edas de la Informaci\u00f3n y las Comunicaciones y sus aplicaciones en los procesos de la red de sistemas y servicios de salud que garanticen el &hellip; <\/p>\n<p><a class=\"more-link btn\" href=\"https:\/\/instituciones.gtm.sld.cu\/electromedicina\/departamentos\/dpto-administrativo\/direccion\/informatica\/\">Seguir leyendo<\/a><\/p>\n","protected":false},"author":37,"featured_media":0,"parent":2013,"menu_order":0,"comment_status":"closed","ping_status":"closed","template":"","meta":{"ngg_post_thumbnail":0,"_mc_calendar":[]},"yoast_head":"<!-- This site is optimized with the Yoast SEO plugin v21.8 - https:\/\/yoast.com\/wordpress\/plugins\/seo\/ -->\n<title>Inform\u00e1tica - Centro Provincial de Electromedicina<\/title>\n<meta name=\"robots\" content=\"index, follow, max-snippet:-1, max-image-preview:large, max-video-preview:-1\" \/>\n<link rel=\"canonical\" href=\"https:\/\/instituciones.gtm.sld.cu\/electromedicina\/departamentos\/dpto-administrativo\/direccion\/informatica\/\" \/>\n<meta property=\"og:locale\" content=\"es_ES\" \/>\n<meta property=\"og:type\" content=\"article\" \/>\n<meta property=\"og:title\" content=\"Inform\u00e1tica - Centro Provincial de Electromedicina\" \/>\n<meta property=\"og:description\" content=\"El departamento de inform\u00e1tica del centro est\u00e1 integrado por: (Plaza Vacante) Misi\u00f3n: Contribuir al desarrollo sostenible y fortalecimiento del Sistema de Salud cubano a trav\u00e9s del uso intensivo de las Tecnolog\u00edas de la Informaci\u00f3n y las Comunicaciones y sus aplicaciones en los procesos de la red de sistemas y servicios de salud que garanticen el &hellip; Seguir leyendo\" \/>\n<meta property=\"og:url\" content=\"https:\/\/instituciones.gtm.sld.cu\/electromedicina\/departamentos\/dpto-administrativo\/direccion\/informatica\/\" \/>\n<meta property=\"og:site_name\" content=\"Centro Provincial de Electromedicina\" \/>\n<meta property=\"article:modified_time\" content=\"2023-11-08T15:46:54+00:00\" \/>\n<meta name=\"twitter:card\" content=\"summary_large_image\" \/>\n<meta name=\"twitter:label1\" content=\"Tiempo de lectura\" \/>\n\t<meta name=\"twitter:data1\" content=\"2 minutos\" \/>\n<script type=\"application\/ld+json\" class=\"yoast-schema-graph\">{\"@context\":\"https:\/\/schema.org\",\"@graph\":[{\"@type\":\"WebPage\",\"@id\":\"https:\/\/instituciones.gtm.sld.cu\/electromedicina\/departamentos\/dpto-administrativo\/direccion\/informatica\/\",\"url\":\"https:\/\/instituciones.gtm.sld.cu\/electromedicina\/departamentos\/dpto-administrativo\/direccion\/informatica\/\",\"name\":\"Inform\u00e1tica - Centro Provincial de Electromedicina\",\"isPartOf\":{\"@id\":\"https:\/\/instituciones.gtm.sld.cu\/electromedicina\/#website\"},\"datePublished\":\"2019-03-13T17:49:55+00:00\",\"dateModified\":\"2023-11-08T15:46:54+00:00\",\"breadcrumb\":{\"@id\":\"https:\/\/instituciones.gtm.sld.cu\/electromedicina\/departamentos\/dpto-administrativo\/direccion\/informatica\/#breadcrumb\"},\"inLanguage\":\"es\",\"potentialAction\":[{\"@type\":\"ReadAction\",\"target\":[\"https:\/\/instituciones.gtm.sld.cu\/electromedicina\/departamentos\/dpto-administrativo\/direccion\/informatica\/\"]}]},{\"@type\":\"BreadcrumbList\",\"@id\":\"https:\/\/instituciones.gtm.sld.cu\/electromedicina\/departamentos\/dpto-administrativo\/direccion\/informatica\/#breadcrumb\",\"itemListElement\":[{\"@type\":\"ListItem\",\"position\":1,\"name\":\"Inicio\",\"item\":\"https:\/\/instituciones.gtm.sld.cu\/electromedicina\/\"},{\"@type\":\"ListItem\",\"position\":2,\"name\":\"Departamentos\",\"item\":\"https:\/\/instituciones.gtm.sld.cu\/electromedicina\/departamentos\/\"},{\"@type\":\"ListItem\",\"position\":3,\"name\":\"Dpto. Administrativo\",\"item\":\"https:\/\/instituciones.gtm.sld.cu\/electromedicina\/departamentos\/dpto-administrativo\/\"},{\"@type\":\"ListItem\",\"position\":4,\"name\":\"Direcci\u00f3n\",\"item\":\"https:\/\/instituciones.gtm.sld.cu\/electromedicina\/departamentos\/dpto-administrativo\/direccion\/\"},{\"@type\":\"ListItem\",\"position\":5,\"name\":\"Inform\u00e1tica\"}]},{\"@type\":\"WebSite\",\"@id\":\"https:\/\/instituciones.gtm.sld.cu\/electromedicina\/#website\",\"url\":\"https:\/\/instituciones.gtm.sld.cu\/electromedicina\/\",\"name\":\"Centro Provincial de Electromedicina\",\"description\":\"Guant\u00e1namo\",\"potentialAction\":[{\"@type\":\"SearchAction\",\"target\":{\"@type\":\"EntryPoint\",\"urlTemplate\":\"https:\/\/instituciones.gtm.sld.cu\/electromedicina\/?s={search_term_string}\"},\"query-input\":\"required name=search_term_string\"}],\"inLanguage\":\"es\"}]}<\/script>\n<!-- \/ Yoast SEO plugin. -->","yoast_head_json":{"title":"Inform\u00e1tica - Centro Provincial de Electromedicina","robots":{"index":"index","follow":"follow","max-snippet":"max-snippet:-1","max-image-preview":"max-image-preview:large","max-video-preview":"max-video-preview:-1"},"canonical":"https:\/\/instituciones.gtm.sld.cu\/electromedicina\/departamentos\/dpto-administrativo\/direccion\/informatica\/","og_locale":"es_ES","og_type":"article","og_title":"Inform\u00e1tica - Centro Provincial de Electromedicina","og_description":"El departamento de inform\u00e1tica del centro est\u00e1 integrado por: (Plaza Vacante) Misi\u00f3n: Contribuir al desarrollo sostenible y fortalecimiento del Sistema de Salud cubano a trav\u00e9s del uso intensivo de las Tecnolog\u00edas de la Informaci\u00f3n y las Comunicaciones y sus aplicaciones en los procesos de la red de sistemas y servicios de salud que garanticen el &hellip; Seguir leyendo","og_url":"https:\/\/instituciones.gtm.sld.cu\/electromedicina\/departamentos\/dpto-administrativo\/direccion\/informatica\/","og_site_name":"Centro Provincial de Electromedicina","article_modified_time":"2023-11-08T15:46:54+00:00","twitter_card":"summary_large_image","twitter_misc":{"Tiempo de lectura":"2 minutos"},"schema":{"@context":"https:\/\/schema.org","@graph":[{"@type":"WebPage","@id":"https:\/\/instituciones.gtm.sld.cu\/electromedicina\/departamentos\/dpto-administrativo\/direccion\/informatica\/","url":"https:\/\/instituciones.gtm.sld.cu\/electromedicina\/departamentos\/dpto-administrativo\/direccion\/informatica\/","name":"Inform\u00e1tica - Centro Provincial de Electromedicina","isPartOf":{"@id":"https:\/\/instituciones.gtm.sld.cu\/electromedicina\/#website"},"datePublished":"2019-03-13T17:49:55+00:00","dateModified":"2023-11-08T15:46:54+00:00","breadcrumb":{"@id":"https:\/\/instituciones.gtm.sld.cu\/electromedicina\/departamentos\/dpto-administrativo\/direccion\/informatica\/#breadcrumb"},"inLanguage":"es","potentialAction":[{"@type":"ReadAction","target":["https:\/\/instituciones.gtm.sld.cu\/electromedicina\/departamentos\/dpto-administrativo\/direccion\/informatica\/"]}]},{"@type":"BreadcrumbList","@id":"https:\/\/instituciones.gtm.sld.cu\/electromedicina\/departamentos\/dpto-administrativo\/direccion\/informatica\/#breadcrumb","itemListElement":[{"@type":"ListItem","position":1,"name":"Inicio","item":"https:\/\/instituciones.gtm.sld.cu\/electromedicina\/"},{"@type":"ListItem","position":2,"name":"Departamentos","item":"https:\/\/instituciones.gtm.sld.cu\/electromedicina\/departamentos\/"},{"@type":"ListItem","position":3,"name":"Dpto. Administrativo","item":"https:\/\/instituciones.gtm.sld.cu\/electromedicina\/departamentos\/dpto-administrativo\/"},{"@type":"ListItem","position":4,"name":"Direcci\u00f3n","item":"https:\/\/instituciones.gtm.sld.cu\/electromedicina\/departamentos\/dpto-administrativo\/direccion\/"},{"@type":"ListItem","position":5,"name":"Inform\u00e1tica"}]},{"@type":"WebSite","@id":"https:\/\/instituciones.gtm.sld.cu\/electromedicina\/#website","url":"https:\/\/instituciones.gtm.sld.cu\/electromedicina\/","name":"Centro Provincial de Electromedicina","description":"Guant\u00e1namo","potentialAction":[{"@type":"SearchAction","target":{"@type":"EntryPoint","urlTemplate":"https:\/\/instituciones.gtm.sld.cu\/electromedicina\/?s={search_term_string}"},"query-input":"required name=search_term_string"}],"inLanguage":"es"}]}},"_links":{"self":[{"href":"https:\/\/instituciones.gtm.sld.cu\/electromedicina\/wp-json\/wp\/v2\/pages\/2018"}],"collection":[{"href":"https:\/\/instituciones.gtm.sld.cu\/electromedicina\/wp-json\/wp\/v2\/pages"}],"about":[{"href":"https:\/\/instituciones.gtm.sld.cu\/electromedicina\/wp-json\/wp\/v2\/types\/page"}],"author":[{"embeddable":true,"href":"https:\/\/instituciones.gtm.sld.cu\/electromedicina\/wp-json\/wp\/v2\/users\/37"}],"replies":[{"embeddable":true,"href":"https:\/\/instituciones.gtm.sld.cu\/electromedicina\/wp-json\/wp\/v2\/comments?post=2018"}],"version-history":[{"count":4,"href":"https:\/\/instituciones.gtm.sld.cu\/electromedicina\/wp-json\/wp\/v2\/pages\/2018\/revisions"}],"predecessor-version":[{"id":2700,"href":"https:\/\/instituciones.gtm.sld.cu\/electromedicina\/wp-json\/wp\/v2\/pages\/2018\/revisions\/2700"}],"up":[{"embeddable":true,"href":"https:\/\/instituciones.gtm.sld.cu\/electromedicina\/wp-json\/wp\/v2\/pages\/2013"}],"wp:attachment":[{"href":"https:\/\/instituciones.gtm.sld.cu\/electromedicina\/wp-json\/wp\/v2\/media?parent=2018"}],"curies":[{"name":"wp","href":"https:\/\/api.w.org\/{rel}","templated":true}]}}