{"id":204,"date":"2019-06-27T14:05:35","date_gmt":"2019-06-27T18:05:35","guid":{"rendered":"http:\/\/instituciones.gtm.sld.cu\/emprofarma\/?page_id=204"},"modified":"2024-04-02T12:03:33","modified_gmt":"2024-04-02T16:03:33","slug":"mapa-del-sitio","status":"publish","type":"page","link":"https:\/\/instituciones.gtm.sld.cu\/emprofarma\/mapa-del-sitio\/","title":{"rendered":"Mapa del Sitio"},"content":{"rendered":"\r\n\r\n<div class=\"wsp-container\"><ul class=\"wsp-pages-list\">\n<li class=\"page_item page-item-812\"><a href=\"https:\/\/instituciones.gtm.sld.cu\/emprofarma\/acerca-de\/\">Acerca de:<\/a><\/li>\n<li class=\"page_item page-item-262\"><a href=\"https:\/\/instituciones.gtm.sld.cu\/emprofarma\/262-2\/\">Contactos<\/a><\/li>\n<li class=\"page_item page-item-27\"><a href=\"https:\/\/instituciones.gtm.sld.cu\/emprofarma\/curiosidades\/\">Curiosidades<\/a><\/li>\n<li class=\"page_item page-item-15 page_item_has_children\"><a href=\"https:\/\/instituciones.gtm.sld.cu\/emprofarma\/quienes-somos\/\">Direcci\u00f3n General<\/a>\n<ul class='children'>\n\t<li class=\"page_item page-item-808\"><a href=\"https:\/\/instituciones.gtm.sld.cu\/emprofarma\/quienes-somos\/direccion-de-capital-humano\/\">Direcci\u00f3n de Capital Humano<\/a><\/li>\n\t<li class=\"page_item page-item-805\"><a href=\"https:\/\/instituciones.gtm.sld.cu\/emprofarma\/quienes-somos\/direccion-de-contabilidad-y-finanzas\/\">Direcci\u00f3n de Contabilidad y Finanzas<\/a><\/li>\n\t<li class=\"page_item page-item-802\"><a href=\"https:\/\/instituciones.gtm.sld.cu\/emprofarma\/quienes-somos\/direccion-tecnica-comercial\/\">Direcci\u00f3n T\u00e9cnica Comercial<\/a><\/li>\n<\/ul>\n<\/li>\n<li class=\"page_item page-item-695\"><a href=\"https:\/\/instituciones.gtm.sld.cu\/emprofarma\/emprofarma-guantanamo-en-recuperacion-de-frascos-para-la-produccion-de-medicamentos-de-origen-natural\/\">EMPROFARMA GUANT\u00c1NAMO EN RECUPERACI\u00d3N DE FRASCOS PARA LA PRODUCCI\u00d3N DE MEDICAMENTOS DE ORIGEN NATURAL<\/a><\/li>\n<li class=\"page_item page-item-21\"><a href=\"https:\/\/instituciones.gtm.sld.cu\/emprofarma\/informacion\/\">Informaci\u00f3n<\/a><\/li>\n<li class=\"page_item page-item-204\"><a href=\"https:\/\/instituciones.gtm.sld.cu\/emprofarma\/mapa-del-sitio\/\">Mapa del Sitio<\/a><\/li>\n<li class=\"page_item page-item-19\"><a href=\"https:\/\/instituciones.gtm.sld.cu\/emprofarma\/medicina-natural\/\">Medicina Natural<\/a><\/li>\n<li class=\"page_item page-item-769\"><a href=\"https:\/\/instituciones.gtm.sld.cu\/emprofarma\/mision\/\">Misi\u00f3n<\/a><\/li>\n<li class=\"page_item page-item-100\"><a href=\"https:\/\/instituciones.gtm.sld.cu\/emprofarma\/my-calendar\/\">My Calendar<\/a><\/li>\n<li class=\"page_item page-item-239\"><a href=\"https:\/\/instituciones.gtm.sld.cu\/emprofarma\/objetivos-del-sitio\/\">Objetivos del Sitio<\/a><\/li>\n<li class=\"page_item page-item-794\"><a href=\"https:\/\/instituciones.gtm.sld.cu\/emprofarma\/organigrama-de-la-empresa-de-farmacias-y-opticas-guantanamo\/\">Organigrama de la Empresa de Farmacias y \u00d3pticas. Guant\u00e1namo<\/a><\/li>\n<li class=\"page_item page-item-215\"><a href=\"https:\/\/instituciones.gtm.sld.cu\/emprofarma\/procedimiento-en-opticas\/\">Procedimiento en \u00d3pticas<\/a><\/li>\n<li class=\"page_item page-item-954\"><a href=\"https:\/\/instituciones.gtm.sld.cu\/emprofarma\/farmacias-municipio-baracoa\/\">Tel\u00e9fonos de Farmacias. Municipio Baracoa<\/a><\/li>\n<li class=\"page_item page-item-969\"><a href=\"https:\/\/instituciones.gtm.sld.cu\/emprofarma\/telefonos-de-farmacias-municipio-caimanera\/\">Tel\u00e9fonos de Farmacias. Municipio Caimanera<\/a><\/li>\n<li class=\"page_item page-item-977\"><a href=\"https:\/\/instituciones.gtm.sld.cu\/emprofarma\/telefonos-de-farmacias-municipio-el-salvador\/\">Tel\u00e9fonos de Farmacias. Municipio El Salvador<\/a><\/li>\n<li class=\"page_item page-item-972\"><a href=\"https:\/\/instituciones.gtm.sld.cu\/emprofarma\/telefonos-de-farmacias-municipio-guantanamo\/\">Tel\u00e9fonos de Farmacias. Municipio Guant\u00e1namo<\/a><\/li>\n<li class=\"page_item page-item-1006\"><a href=\"https:\/\/instituciones.gtm.sld.cu\/emprofarma\/telefonos-de-farmacias-municipio-imias\/\">Tel\u00e9fonos de Farmacias. Municipio Imias<\/a><\/li>\n<li class=\"page_item page-item-1001\"><a href=\"https:\/\/instituciones.gtm.sld.cu\/emprofarma\/telefonos-de-farmacias-municipio-maisi\/\">Tel\u00e9fonos de Farmacias. Municipio Maisi<\/a><\/li>\n<li class=\"page_item page-item-997\"><a href=\"https:\/\/instituciones.gtm.sld.cu\/emprofarma\/telefonos-de-farmacias-municipio-manuel-tames\/\">Tel\u00e9fonos de Farmacias. Municipio Manuel Tames<\/a><\/li>\n<li class=\"page_item page-item-984\"><a href=\"https:\/\/instituciones.gtm.sld.cu\/emprofarma\/telefonos-de-farmacias-municipio-niceto-perez\/\">Tel\u00e9fonos de Farmacias. Municipio Niceto P\u00e9rez<\/a><\/li>\n<li class=\"page_item page-item-989\"><a href=\"https:\/\/instituciones.gtm.sld.cu\/emprofarma\/telefonos-de-farmacias-municipio-san-a-del-sur\/\">Tel\u00e9fonos de Farmacias. Municipio San A. del Sur<\/a><\/li>\n<li class=\"page_item page-item-992\"><a href=\"https:\/\/instituciones.gtm.sld.cu\/emprofarma\/telefonos-de-farmacias-municipio-yateras\/\">Tel\u00e9fonos de Farmacias. Municipio Yateras<\/a><\/li>\n<li class=\"page_item page-item-70\"><a href=\"https:\/\/instituciones.gtm.sld.cu\/emprofarma\/ueb-baracoa-maisi\/\">UEB Baracoa-Mais\u00ed<\/a><\/li>\n<li class=\"page_item page-item-155\"><a href=\"https:\/\/instituciones.gtm.sld.cu\/emprofarma\/ueb-farmacia-municipio-guantanamo\/\">UEB Farmacia municipio Guant\u00e1namo<\/a><\/li>\n<li class=\"page_item page-item-66\"><a href=\"https:\/\/instituciones.gtm.sld.cu\/emprofarma\/ueb-farmacias-territorial\/\">UEB Farmacias Territorial<\/a><\/li>\n<li class=\"page_item page-item-64\"><a href=\"https:\/\/instituciones.gtm.sld.cu\/emprofarma\/ueb-opticas-y-auditivo\/\">UEB \u00d3pticas y Auditivo<\/a><\/li>\n<li class=\"page_item page-item-791\"><a href=\"https:\/\/instituciones.gtm.sld.cu\/emprofarma\/vision\/\">Visi\u00f3n<\/a><\/li>\n<\/ul>\n<ul class=\"wsp-posts-list\">\n\t<li><strong class=\"wsp-category-title\">Category: <a href=\"https:\/\/instituciones.gtm.sld.cu\/emprofarma\/category\/internacionales\/\">Internacionales<\/a><\/strong>\n<ul class=\"wsp-posts-list\">\t\t<li class=\"wsp-post\"><a href=\"https:\/\/instituciones.gtm.sld.cu\/emprofarma\/2024\/08\/09\/india-envia-donativo-a-cuba-para-la-produccion-de-antibioticos\/\">India env\u00eda donativo a Cuba para la producci\u00f3n de antibi\u00f3ticos<\/a><\/li>\n<\/ul><\/li>\n\t<li><strong class=\"wsp-category-title\">Category: <a href=\"https:\/\/instituciones.gtm.sld.cu\/emprofarma\/category\/nacionales\/\">Nacionales<\/a><\/strong>\n<ul class=\"wsp-posts-list\">\t\t<li class=\"wsp-post\"><a href=\"https:\/\/instituciones.gtm.sld.cu\/emprofarma\/2025\/04\/14\/agradece-cuba-donativo-de-vacunas-provenientes-de-venezuela\/\">Agradece Cuba donativo de vacunas provenientes de Venezuela<\/a><\/li>\n\t\t<li class=\"wsp-post\"><a href=\"https:\/\/instituciones.gtm.sld.cu\/emprofarma\/2025\/04\/10\/la-homeopatia-una-prioridad-estrategica-en-el-sistema-de-salud-cubano\/\">La homeopat\u00eda: una prioridad estrat\u00e9gica en el Sistema de Salud cubano<\/a><\/li>\n\t\t<li class=\"wsp-post\"><a href=\"https:\/\/instituciones.gtm.sld.cu\/emprofarma\/2025\/03\/31\/aprueban-precios-para-comercializacion-minorista-de-nuevos-medicamentos\/\">Aprueban precios para comercializaci\u00f3n minorista de nuevos medicamentos<\/a><\/li>\n\t\t<li class=\"wsp-post\"><a href=\"https:\/\/instituciones.gtm.sld.cu\/emprofarma\/2025\/02\/17\/aplica-farmacia-guantanamera-proyecto-con-infusiones-medicinales\/\">Aplica farmacia guantanamera proyecto con infusiones medicinales<\/a><\/li>\n\t\t<li class=\"wsp-post\"><a href=\"https:\/\/instituciones.gtm.sld.cu\/emprofarma\/2025\/01\/06\/guantanamo-apuesta-por-elevar-produccion-de-medicina-natural-audio\/\">Guant\u00e1namo apuesta por elevar producci\u00f3n de medicina natural (Audio)<\/a><\/li>\n\t\t<li class=\"wsp-post\"><a href=\"https:\/\/instituciones.gtm.sld.cu\/emprofarma\/2024\/12\/13\/en-servicio-todas-las-unidades-de-farmacia-afectadas-en-baracoa-por-el-huracan-oscar\/\">En servicio todas las unidades de farmacia afectadas en Baracoa por el hurac\u00e1n Oscar<\/a><\/li>\n\t\t<li class=\"wsp-post\"><a href=\"https:\/\/instituciones.gtm.sld.cu\/emprofarma\/2024\/11\/26\/condecoran-en-guantanamo-a-trabajadores-farmaceuticos-y-centros-destacados\/\">Condecoran en Guant\u00e1namo a trabajadores farmac\u00e9uticos y centros destacados<\/a><\/li>\n\t\t<li class=\"wsp-post\"><a href=\"https:\/\/instituciones.gtm.sld.cu\/emprofarma\/2024\/11\/22\/el-talento-y-entrega-de-los-farmaceuticos-cubanos\/\">El talento y entrega de los farmac\u00e9uticos cubanos<\/a><\/li>\n\t\t<li class=\"wsp-post\"><a href=\"https:\/\/instituciones.gtm.sld.cu\/emprofarma\/2024\/08\/30\/iniciara-en-cuba-aplicacion-de-la-vacuna-antineumococica-pneumosil-10\/\">Iniciar\u00e1 en Cuba aplicaci\u00f3n de la vacuna antineumoc\u00f3cica Pneumosil-10<\/a><\/li>\n\t\t<li class=\"wsp-post\"><a href=\"https:\/\/instituciones.gtm.sld.cu\/emprofarma\/2024\/08\/21\/que-campanas-de-inmunizacion-se-realizan-por-estos-dias-en-el-pais\/\">\u00bfQu\u00e9 campa\u00f1as de inmunizaci\u00f3n se realizan por estos d\u00edas en el pa\u00eds?<\/a><\/li>\n\t\t<li class=\"wsp-post\"><a href=\"https:\/\/instituciones.gtm.sld.cu\/emprofarma\/2024\/08\/13\/logra-centro-de-medicina-alternativa-estabilidad-en-sus-producciones-en-guantanamo\/\">Logra Centro de Medicina Alternativa estabilidad en sus producciones en Guant\u00e1namo<\/a><\/li>\n\t\t<li class=\"wsp-post\"><a href=\"https:\/\/instituciones.gtm.sld.cu\/emprofarma\/2024\/08\/12\/empresa-farmaceutica-cubana-reanuda-produccion-de-antibioticos\/\">Empresa farmac\u00e9utica cubana reanuda producci\u00f3n de antibi\u00f3ticos<\/a><\/li>\n\t\t<li class=\"wsp-post\"><a href=\"https:\/\/instituciones.gtm.sld.cu\/emprofarma\/2024\/07\/16\/que-las-farmacias-funcionen-acorde-con-las-necesidades-de-la-poblacion-es-una-prioridad-sostienen-diputados\/\">Que las farmacias funcionen acorde con las necesidades de la poblaci\u00f3n es una prioridad, sostienen diputados<\/a><\/li>\n\t\t<li class=\"wsp-post\"><a href=\"https:\/\/instituciones.gtm.sld.cu\/emprofarma\/2024\/07\/11\/centro-de-innovacion-ruso-skolkovo-aprueba-cinco-proyectos-de-medicamentos-cubanos\/\">Centro de innovaci\u00f3n ruso Sk\u00f3lkovo aprueba cinco proyectos de medicamentos cubanos<\/a><\/li>\n\t\t<li class=\"wsp-post\"><a href=\"https:\/\/instituciones.gtm.sld.cu\/emprofarma\/2024\/07\/11\/por-que-quimi-vio-es-una-vacuna-tan-compleja\/\">\u00bfPor qu\u00e9 Quimi-Vio es una vacuna tan compleja?<\/a><\/li>\n\t\t<li class=\"wsp-post\"><a href=\"https:\/\/instituciones.gtm.sld.cu\/emprofarma\/2024\/06\/03\/india-envia-a-cuba-materia-prima-para-produccion-de-medicamentos\/\">India env\u00eda a Cuba materia prima para producci\u00f3n de medicamentos<\/a><\/li>\n\t\t<li class=\"wsp-post\"><a href=\"https:\/\/instituciones.gtm.sld.cu\/emprofarma\/2024\/05\/03\/modifican-precios-de-los-productos-de-la-medicina-natural-y-tradicional\/\">Modifican precios de los productos de la medicina natural y tradicional<\/a><\/li>\n\t\t<li class=\"wsp-post\"><a href=\"https:\/\/instituciones.gtm.sld.cu\/emprofarma\/2023\/07\/15\/la-ruta-critica-de-los-medicamentos-en-guantanamo\/\">La ruta cr\u00edtica de los medicamentos en Guant\u00e1namo<\/a><\/li>\n\t\t<li class=\"wsp-post\"><a href=\"https:\/\/instituciones.gtm.sld.cu\/emprofarma\/2023\/04\/04\/cigb-de-cuba-inicia-estudios-preclinicos-de-vacuna-contra-el-dengue\/\">CIGB de Cuba inicia estudios precl\u00ednicos de vacuna contra el dengue<\/a><\/li>\n\t\t<li class=\"wsp-post\"><a href=\"https:\/\/instituciones.gtm.sld.cu\/emprofarma\/2022\/12\/01\/cuba-por-una-respuesta-integral-al-vih-tambien-desde-la-igualdad\/\">Cuba: Por una respuesta integral al VIH, tambi\u00e9n desde la igualdad<\/a><\/li>\n<\/ul><\/li>\n\t<li><strong class=\"wsp-category-title\">Category: <a href=\"https:\/\/instituciones.gtm.sld.cu\/emprofarma\/category\/noticias\/\">Noticias<\/a><\/strong>\n<\/li>\n\t<li><strong class=\"wsp-category-title\">Category: <a href=\"https:\/\/instituciones.gtm.sld.cu\/emprofarma\/category\/noticias-provinciales\/\">Noticias Provinciales<\/a><\/strong>\n<ul class=\"wsp-posts-list\">\t\t<li class=\"wsp-post\"><a href=\"https:\/\/instituciones.gtm.sld.cu\/emprofarma\/2025\/02\/03\/red-de-farmacias-en-guantanamo-con-nuevo-metodo-para-venta-de-medicamentos-audio\/\">Red de farmacias en Guant\u00e1namo con nuevo m\u00e9todo para venta de medicamentos (Audio)<\/a><\/li>\n<\/ul><\/li>\n\t<li><strong class=\"wsp-category-title\">Category: <a href=\"https:\/\/instituciones.gtm.sld.cu\/emprofarma\/category\/variedad\/\">Variedad<\/a><\/strong>\n<ul class=\"wsp-posts-list\">\t\t<li class=\"wsp-post\"><a href=\"https:\/\/instituciones.gtm.sld.cu\/emprofarma\/2024\/08\/07\/cuba-y-rusia-realizan-estudios-de-enfermedades-infecciosas\/\">Cuba y Rusia realizan estudios de enfermedades infecciosas<\/a><\/li>\n\t\t<li class=\"wsp-post\"><a href=\"https:\/\/instituciones.gtm.sld.cu\/emprofarma\/2023\/02\/21\/crece-produccion-de-fito-y-apifarmacos-en-guantanamo\/\">Crece producci\u00f3n de fito y apif\u00e1rmacos en Guant\u00e1namo<\/a><\/li>\n\t\t<li class=\"wsp-post\"><a href=\"https:\/\/instituciones.gtm.sld.cu\/emprofarma\/2022\/10\/05\/curmeric-gotas-nasales-en-breve-en-farmacias-guantanameras\/\">CURMERIC Gotas Nasales en breve en Farmacias Guantanameras<\/a><\/li>\n\t\t<li class=\"wsp-post\"><a href=\"https:\/\/instituciones.gtm.sld.cu\/emprofarma\/2022\/09\/26\/citrato-de-potasio-con-acido-citrico-dispensada-en-farmacia-comunitaria\/\">CITRATO DE POTASIO CON \u00c1CIDO C\u00cdTRICO Dispensada en Farmacia Comunitaria<\/a><\/li>\n<\/ul><\/li>\n<\/ul>\n<\/div>\n","protected":false},"excerpt":{"rendered":"<div class='heateorSssClear'><\/div><div  class='heateor_sss_sharing_container heateor_sss_horizontal_sharing' data-heateor-sss-href='https:\/\/instituciones.gtm.sld.cu\/emprofarma\/mapa-del-sitio\/'><div class='heateor_sss_sharing_title' style=\"font-weight:bold\" >Comparte si te a gustado:<\/div><div class=\"heateor_sss_sharing_ul\"><a aria-label=\"Facebook\" class=\"heateor_sss_facebook\" href=\"https:\/\/www.facebook.com\/sharer\/sharer.php?u=https%3A%2F%2Finstituciones.gtm.sld.cu%2Femprofarma%2Fmapa-del-sitio%2F\" title=\"Facebook\" rel=\"nofollow noopener\" target=\"_blank\" style=\"font-size:32px!important;box-shadow:none;display:inline-block;vertical-align:middle\"><span class=\"heateor_sss_svg\" style=\"background-color:#0765FE;width:25px;height:25px;border-radius:999px;display:inline-block;opacity:1;float:left;font-size:32px;box-shadow:none;display:inline-block;font-size:16px;padding:0 4px;vertical-align:middle;background-repeat:repeat;overflow:hidden;padding:0;cursor:pointer;box-sizing:content-box\"><svg style=\"display:block;border-radius:999px;\" focusable=\"false\" aria-hidden=\"true\" xmlns=\"http:\/\/www.w3.org\/2000\/svg\" width=\"100%\" height=\"100%\" viewBox=\"0 0 32 32\"><path fill=\"#fff\" d=\"M28 16c0-6.627-5.373-12-12-12S4 9.373 4 16c0 5.628 3.875 10.35 9.101 11.647v-7.98h-2.474V16H13.1v-1.58c0-4.085 1.849-5.978 5.859-5.978.76 0 2.072.15 2.608.298v3.325c-.283-.03-.775-.045-1.386-.045-1.967 0-2.728.745-2.728 2.683V16h3.92l-.673 3.667h-3.247v8.245C23.395 27.195 28 22.135 28 16Z\"><\/path><\/svg><\/span><\/a><a aria-label=\"Whatsapp\" class=\"heateor_sss_whatsapp\" href=\"https:\/\/api.whatsapp.com\/send?text=Mapa%20del%20Sitio%20https%3A%2F%2Finstituciones.gtm.sld.cu%2Femprofarma%2Fmapa-del-sitio%2F\" title=\"Whatsapp\" rel=\"nofollow noopener\" target=\"_blank\" style=\"font-size:32px!important;box-shadow:none;display:inline-block;vertical-align:middle\"><span class=\"heateor_sss_svg\" style=\"background-color:#55eb4c;width:25px;height:25px;border-radius:999px;display:inline-block;opacity:1;float:left;font-size:32px;box-shadow:none;display:inline-block;font-size:16px;padding:0 4px;vertical-align:middle;background-repeat:repeat;overflow:hidden;padding:0;cursor:pointer;box-sizing:content-box\"><svg style=\"display:block;border-radius:999px;\" focusable=\"false\" aria-hidden=\"true\" xmlns=\"http:\/\/www.w3.org\/2000\/svg\" width=\"100%\" height=\"100%\" viewBox=\"-6 -5 40 40\"><path class=\"heateor_sss_svg_stroke heateor_sss_no_fill\" stroke=\"#fff\" stroke-width=\"2\" fill=\"none\" d=\"M 11.579798566743314 24.396926207859085 A 10 10 0 1 0 6.808479557110079 20.73576436351046\"><\/path><path d=\"M 7 19 l -1 6 l 6 -1\" class=\"heateor_sss_no_fill heateor_sss_svg_stroke\" stroke=\"#fff\" stroke-width=\"2\" fill=\"none\"><\/path><path d=\"M 10 10 q -1 8 8 11 c 5 -1 0 -6 -1 -3 q -4 -3 -5 -5 c 4 -2 -1 -5 -1 -4\" fill=\"#fff\"><\/path><\/svg><\/span><\/a><a aria-label=\"Telegram\" class=\"heateor_sss_button_telegram\" href=\"https:\/\/telegram.me\/share\/url?url=https%3A%2F%2Finstituciones.gtm.sld.cu%2Femprofarma%2Fmapa-del-sitio%2F&text=Mapa%20del%20Sitio\" title=\"Telegram\" rel=\"nofollow noopener\" target=\"_blank\" style=\"font-size:32px!important;box-shadow:none;display:inline-block;vertical-align:middle\"><span class=\"heateor_sss_svg heateor_sss_s__default heateor_sss_s_telegram\" style=\"background-color:#3da5f1;width:25px;height:25px;border-radius:999px;display:inline-block;opacity:1;float:left;font-size:32px;box-shadow:none;display:inline-block;font-size:16px;padding:0 4px;vertical-align:middle;background-repeat:repeat;overflow:hidden;padding:0;cursor:pointer;box-sizing:content-box\"><svg style=\"display:block;border-radius:999px;\" focusable=\"false\" aria-hidden=\"true\" xmlns=\"http:\/\/www.w3.org\/2000\/svg\" width=\"100%\" height=\"100%\" viewBox=\"0 0 32 32\"><path fill=\"#fff\" d=\"M25.515 6.896L6.027 14.41c-1.33.534-1.322 1.276-.243 1.606l5 1.56 1.72 5.66c.226.625.115.873.77.873.506 0 .73-.235 1.012-.51l2.43-2.363 5.056 3.734c.93.514 1.602.25 1.834-.863l3.32-15.638c.338-1.363-.52-1.98-1.41-1.577z\"><\/path><\/svg><\/span><\/a><a aria-label=\"X\" class=\"heateor_sss_button_x\" href=\"https:\/\/twitter.com\/intent\/tweet?text=Mapa%20del%20Sitio&url=https%3A%2F%2Finstituciones.gtm.sld.cu%2Femprofarma%2Fmapa-del-sitio%2F\" title=\"X\" rel=\"nofollow noopener\" target=\"_blank\" style=\"font-size:32px!important;box-shadow:none;display:inline-block;vertical-align:middle\"><span class=\"heateor_sss_svg heateor_sss_s__default heateor_sss_s_x\" style=\"background-color:#2a2a2a;width:25px;height:25px;border-radius:999px;display:inline-block;opacity:1;float:left;font-size:32px;box-shadow:none;display:inline-block;font-size:16px;padding:0 4px;vertical-align:middle;background-repeat:repeat;overflow:hidden;padding:0;cursor:pointer;box-sizing:content-box\"><svg width=\"100%\" height=\"100%\" style=\"display:block;border-radius:999px;\" focusable=\"false\" aria-hidden=\"true\" xmlns=\"http:\/\/www.w3.org\/2000\/svg\" viewBox=\"0 0 32 32\"><path fill=\"#fff\" d=\"M21.751 7h3.067l-6.7 7.658L26 25.078h-6.172l-4.833-6.32-5.531 6.32h-3.07l7.167-8.19L6 7h6.328l4.37 5.777L21.75 7Zm-1.076 16.242h1.7L11.404 8.74H9.58l11.094 14.503Z\"><\/path><\/svg><\/span><\/a><\/div><div class=\"heateorSssClear\"><\/div><\/div><div class='heateorSssClear'><\/div>","protected":false},"author":9,"featured_media":0,"parent":0,"menu_order":0,"comment_status":"closed","ping_status":"closed","template":"","meta":{"ngg_post_thumbnail":0,"_mc_calendar":[]},"yoast_head":"<!-- This site is optimized with the Yoast SEO plugin v21.8 - https:\/\/yoast.com\/wordpress\/plugins\/seo\/ -->\n<title>Mapa del Sitio - Empresa Provincial de Farmacias y \u00d3pticas<\/title>\n<meta name=\"robots\" content=\"index, follow, max-snippet:-1, max-image-preview:large, max-video-preview:-1\" \/>\n<link rel=\"canonical\" href=\"https:\/\/instituciones.gtm.sld.cu\/emprofarma\/mapa-del-sitio\/\" \/>\n<meta property=\"og:locale\" content=\"es_ES\" \/>\n<meta property=\"og:type\" content=\"article\" \/>\n<meta property=\"og:title\" content=\"Mapa del Sitio - Empresa Provincial de Farmacias y \u00d3pticas\" \/>\n<meta property=\"og:url\" content=\"https:\/\/instituciones.gtm.sld.cu\/emprofarma\/mapa-del-sitio\/\" \/>\n<meta property=\"og:site_name\" content=\"Empresa Provincial de Farmacias y \u00d3pticas\" \/>\n<meta property=\"article:modified_time\" content=\"2024-04-02T16:03:33+00:00\" \/>\n<meta name=\"twitter:card\" content=\"summary_large_image\" \/>\n<meta name=\"twitter:label1\" content=\"Tiempo de lectura\" \/>\n\t<meta name=\"twitter:data1\" content=\"1 minuto\" \/>\n<script type=\"application\/ld+json\" class=\"yoast-schema-graph\">{\"@context\":\"https:\/\/schema.org\",\"@graph\":[{\"@type\":\"WebPage\",\"@id\":\"https:\/\/instituciones.gtm.sld.cu\/emprofarma\/mapa-del-sitio\/\",\"url\":\"https:\/\/instituciones.gtm.sld.cu\/emprofarma\/mapa-del-sitio\/\",\"name\":\"Mapa del Sitio - Empresa Provincial de Farmacias y \u00d3pticas\",\"isPartOf\":{\"@id\":\"https:\/\/instituciones.gtm.sld.cu\/emprofarma\/#website\"},\"datePublished\":\"2019-06-27T18:05:35+00:00\",\"dateModified\":\"2024-04-02T16:03:33+00:00\",\"breadcrumb\":{\"@id\":\"https:\/\/instituciones.gtm.sld.cu\/emprofarma\/mapa-del-sitio\/#breadcrumb\"},\"inLanguage\":\"es\",\"potentialAction\":[{\"@type\":\"ReadAction\",\"target\":[\"https:\/\/instituciones.gtm.sld.cu\/emprofarma\/mapa-del-sitio\/\"]}]},{\"@type\":\"BreadcrumbList\",\"@id\":\"https:\/\/instituciones.gtm.sld.cu\/emprofarma\/mapa-del-sitio\/#breadcrumb\",\"itemListElement\":[{\"@type\":\"ListItem\",\"position\":1,\"name\":\"Inicio\",\"item\":\"https:\/\/instituciones.gtm.sld.cu\/emprofarma\/\"},{\"@type\":\"ListItem\",\"position\":2,\"name\":\"Mapa del Sitio\"}]},{\"@type\":\"WebSite\",\"@id\":\"https:\/\/instituciones.gtm.sld.cu\/emprofarma\/#website\",\"url\":\"https:\/\/instituciones.gtm.sld.cu\/emprofarma\/\",\"name\":\"Empresa Provincial de Farmacias y \u00d3pticas\",\"description\":\"EMPROFARMA\",\"potentialAction\":[{\"@type\":\"SearchAction\",\"target\":{\"@type\":\"EntryPoint\",\"urlTemplate\":\"https:\/\/instituciones.gtm.sld.cu\/emprofarma\/?s={search_term_string}\"},\"query-input\":\"required name=search_term_string\"}],\"inLanguage\":\"es\"}]}<\/script>\n<!-- \/ Yoast SEO plugin. -->","yoast_head_json":{"title":"Mapa del Sitio - Empresa Provincial de Farmacias y \u00d3pticas","robots":{"index":"index","follow":"follow","max-snippet":"max-snippet:-1","max-image-preview":"max-image-preview:large","max-video-preview":"max-video-preview:-1"},"canonical":"https:\/\/instituciones.gtm.sld.cu\/emprofarma\/mapa-del-sitio\/","og_locale":"es_ES","og_type":"article","og_title":"Mapa del Sitio - Empresa Provincial de Farmacias y \u00d3pticas","og_url":"https:\/\/instituciones.gtm.sld.cu\/emprofarma\/mapa-del-sitio\/","og_site_name":"Empresa Provincial de Farmacias y \u00d3pticas","article_modified_time":"2024-04-02T16:03:33+00:00","twitter_card":"summary_large_image","twitter_misc":{"Tiempo de lectura":"1 minuto"},"schema":{"@context":"https:\/\/schema.org","@graph":[{"@type":"WebPage","@id":"https:\/\/instituciones.gtm.sld.cu\/emprofarma\/mapa-del-sitio\/","url":"https:\/\/instituciones.gtm.sld.cu\/emprofarma\/mapa-del-sitio\/","name":"Mapa del Sitio - Empresa Provincial de Farmacias y \u00d3pticas","isPartOf":{"@id":"https:\/\/instituciones.gtm.sld.cu\/emprofarma\/#website"},"datePublished":"2019-06-27T18:05:35+00:00","dateModified":"2024-04-02T16:03:33+00:00","breadcrumb":{"@id":"https:\/\/instituciones.gtm.sld.cu\/emprofarma\/mapa-del-sitio\/#breadcrumb"},"inLanguage":"es","potentialAction":[{"@type":"ReadAction","target":["https:\/\/instituciones.gtm.sld.cu\/emprofarma\/mapa-del-sitio\/"]}]},{"@type":"BreadcrumbList","@id":"https:\/\/instituciones.gtm.sld.cu\/emprofarma\/mapa-del-sitio\/#breadcrumb","itemListElement":[{"@type":"ListItem","position":1,"name":"Inicio","item":"https:\/\/instituciones.gtm.sld.cu\/emprofarma\/"},{"@type":"ListItem","position":2,"name":"Mapa del Sitio"}]},{"@type":"WebSite","@id":"https:\/\/instituciones.gtm.sld.cu\/emprofarma\/#website","url":"https:\/\/instituciones.gtm.sld.cu\/emprofarma\/","name":"Empresa Provincial de Farmacias y \u00d3pticas","description":"EMPROFARMA","potentialAction":[{"@type":"SearchAction","target":{"@type":"EntryPoint","urlTemplate":"https:\/\/instituciones.gtm.sld.cu\/emprofarma\/?s={search_term_string}"},"query-input":"required name=search_term_string"}],"inLanguage":"es"}]}},"_links":{"self":[{"href":"https:\/\/instituciones.gtm.sld.cu\/emprofarma\/wp-json\/wp\/v2\/pages\/204"}],"collection":[{"href":"https:\/\/instituciones.gtm.sld.cu\/emprofarma\/wp-json\/wp\/v2\/pages"}],"about":[{"href":"https:\/\/instituciones.gtm.sld.cu\/emprofarma\/wp-json\/wp\/v2\/types\/page"}],"author":[{"embeddable":true,"href":"https:\/\/instituciones.gtm.sld.cu\/emprofarma\/wp-json\/wp\/v2\/users\/9"}],"replies":[{"embeddable":true,"href":"https:\/\/instituciones.gtm.sld.cu\/emprofarma\/wp-json\/wp\/v2\/comments?post=204"}],"version-history":[{"count":5,"href":"https:\/\/instituciones.gtm.sld.cu\/emprofarma\/wp-json\/wp\/v2\/pages\/204\/revisions"}],"predecessor-version":[{"id":844,"href":"https:\/\/instituciones.gtm.sld.cu\/emprofarma\/wp-json\/wp\/v2\/pages\/204\/revisions\/844"}],"wp:attachment":[{"href":"https:\/\/instituciones.gtm.sld.cu\/emprofarma\/wp-json\/wp\/v2\/media?parent=204"}],"curies":[{"name":"wp","href":"https:\/\/api.w.org\/{rel}","templated":true}]}}