{"version":"1.0","provider_name":"Hospital Pedi\u00e1trico &quot;Pedro Agust\u00edn P\u00e9rez&quot;","provider_url":"https:\/\/instituciones.gtm.sld.cu\/hppap","author_name":"Hospital Pedi\u00e1trico &quot;Pedro Agust\u00edn P\u00e9rez&quot;","author_url":"https:\/\/instituciones.gtm.sld.cu\/hppap","title":"Yo Voto Si por Cuba - Hospital Pedi\u00e1trico &quot;Pedro Agust\u00edn P\u00e9rez&quot;","type":"rich","width":600,"height":338,"html":"<blockquote class=\"wp-embedded-content\" data-secret=\"WnPhmbKdzB\"><a href=\"https:\/\/instituciones.gtm.sld.cu\/hppap\/yo-voto-si-por-cuba\/\">Yo  Voto Si  por Cuba<\/a><\/blockquote><iframe sandbox=\"allow-scripts\" security=\"restricted\" src=\"https:\/\/instituciones.gtm.sld.cu\/hppap\/yo-voto-si-por-cuba\/embed\/#?secret=WnPhmbKdzB\" width=\"600\" height=\"338\" title=\"\u00abYo  Voto Si  por Cuba\u00bb \u2014 Hospital Pedi\u00e1trico &quot;Pedro Agust\u00edn P\u00e9rez&quot;\" data-secret=\"WnPhmbKdzB\" frameborder=\"0\" marginwidth=\"0\" marginheight=\"0\" scrolling=\"no\" class=\"wp-embedded-content\"><\/iframe><script type=\"text\/javascript\">\n\/*! This file is auto-generated *\/\n!function(c,d){\"use strict\";var e=!1,o=!1;if(d.querySelector)if(c.addEventListener)e=!0;if(c.wp=c.wp||{},c.wp.receiveEmbedMessage);else if(c.wp.receiveEmbedMessage=function(e){var t=e.data;if(!t);else if(!(t.secret||t.message||t.value));else if(\/[^a-zA-Z0-9]\/.test(t.secret));else{for(var r,s,a,i=d.querySelectorAll('iframe[data-secret=\"'+t.secret+'\"]'),n=d.querySelectorAll('blockquote[data-secret=\"'+t.secret+'\"]'),o=new RegExp(\"^https?:$\",\"i\"),l=0;l<n.length;l++)n[l].style.display=\"none\";for(l=0;l<i.length;l++)if(r=i[l],e.source!==r.contentWindow);else{if(r.removeAttribute(\"style\"),\"height\"===t.message){if(1e3<(s=parseInt(t.value,10)))s=1e3;else if(~~s<200)s=200;r.height=s}if(\"link\"===t.message)if(s=d.createElement(\"a\"),a=d.createElement(\"a\"),s.href=r.getAttribute(\"src\"),a.href=t.value,!o.test(a.protocol));else if(a.host===s.host)if(d.activeElement===r)c.top.location.href=t.value}}},e)c.addEventListener(\"message\",c.wp.receiveEmbedMessage,!1),d.addEventListener(\"DOMContentLoaded\",t,!1),c.addEventListener(\"load\",t,!1);function t(){if(o);else{o=!0;for(var e,t,r,s=-1!==navigator.appVersion.indexOf(\"MSIE 10\"),a=!!navigator.userAgent.match(\/Trident.*rv:11\\.\/),i=d.querySelectorAll(\"iframe.wp-embedded-content\"),n=0;n<i.length;n++){if(!(r=(t=i[n]).getAttribute(\"data-secret\")))r=Math.random().toString(36).substr(2,10),t.src+=\"#?secret=\"+r,t.setAttribute(\"data-secret\",r);if(s||a)(e=t.cloneNode(!0)).removeAttribute(\"security\"),t.parentNode.replaceChild(e,t);t.contentWindow.postMessage({message:\"ready\",secret:r},\"*\")}}}}(window,document);\n<\/script>\n","thumbnail_url":"https:\/\/instituciones.gtm.sld.cu\/hppap\/wp-content\/uploads\/sites\/37\/2019\/02\/mi-cinstitucion-pak-150x125.jpg","thumbnail_width":150,"thumbnail_height":125,"description":"Toda Cuba se alista\u00a0 para el pr\u00f3ximo 24 de Febrero\u00a0 Votar\u00a0 Si por el\u00a0 referendo popular para ratificar la Constituci\u00f3n de la Rep\u00fablica de Cuba el pr\u00f3ximo 24 de febrero. Pero m\u00e1s all\u00e1 de ejercer\u00a0 el derecho al voto libre, directo y secreto,se hara\u00a0 consciente del compromiso que implica, para las generaciones presentes y futuras, &hellip; Seguir leyendo"}